{"id":57,"date":"2022-05-05T09:39:53","date_gmt":"2022-05-05T09:39:53","guid":{"rendered":"https:\/\/www.mapa.bratislavaregion.travel\/cyril-metod\/?page_id=57"},"modified":"2022-12-18T23:49:47","modified_gmt":"2022-12-18T23:49:47","slug":"bratislavsky-kraj","status":"publish","type":"page","link":"https:\/\/www.mapa.bratislavaregion.travel\/cyril-metod\/index.php\/bratislavsky-kraj\/","title":{"rendered":"Bratislavsk\u00fd kraj"},"content":{"rendered":"\t\t<div data-elementor-type=\"wp-page\" data-elementor-id=\"57\" class=\"elementor elementor-57\">\n\t\t\t\t\t\t\t\t\t<section class=\"elementor-section elementor-top-section elementor-element elementor-element-2566018 elementor-section-boxed elementor-section-height-default elementor-section-height-default\" data-id=\"2566018\" data-element_type=\"section\" data-settings=\"{&quot;background_background&quot;:&quot;classic&quot;}\">\n\t\t\t\t\t\t<div class=\"elementor-container elementor-column-gap-default\">\n\t\t\t\t\t<div class=\"elementor-column elementor-col-100 elementor-top-column elementor-element elementor-element-ee40f94\" data-id=\"ee40f94\" data-element_type=\"column\">\n\t\t\t<div class=\"elementor-widget-wrap elementor-element-populated\">\n\t\t\t\t\t\t\t\t<div class=\"elementor-element elementor-element-aecf8f1 elementor-widget elementor-widget-spacer\" data-id=\"aecf8f1\" data-element_type=\"widget\" data-widget_type=\"spacer.default\">\n\t\t\t\t<div class=\"elementor-widget-container\">\n\t\t\t<style>\/*! elementor - v3.6.5 - 27-04-2022 *\/\n.e-container.e-container--row .elementor-spacer-inner{width:var(--spacer-size)}.e-container.e-container--column .elementor-spacer-inner,.elementor-column .elementor-spacer-inner{height:var(--spacer-size)}<\/style>\t\t<div class=\"elementor-spacer\">\n\t\t\t<div class=\"elementor-spacer-inner\"><\/div>\n\t\t<\/div>\n\t\t\t\t<\/div>\n\t\t\t\t<\/div>\n\t\t\t\t<div class=\"elementor-element elementor-element-5bbd96b elementor-widget elementor-widget-heading\" data-id=\"5bbd96b\" data-element_type=\"widget\" data-widget_type=\"heading.default\">\n\t\t\t\t<div class=\"elementor-widget-container\">\n\t\t\t<style>\/*! elementor - v3.6.5 - 27-04-2022 *\/\n.elementor-heading-title{padding:0;margin:0;line-height:1}.elementor-widget-heading .elementor-heading-title[class*=elementor-size-]>a{color:inherit;font-size:inherit;line-height:inherit}.elementor-widget-heading .elementor-heading-title.elementor-size-small{font-size:15px}.elementor-widget-heading .elementor-heading-title.elementor-size-medium{font-size:19px}.elementor-widget-heading .elementor-heading-title.elementor-size-large{font-size:29px}.elementor-widget-heading .elementor-heading-title.elementor-size-xl{font-size:39px}.elementor-widget-heading .elementor-heading-title.elementor-size-xxl{font-size:59px}<\/style><h1 class=\"elementor-heading-title elementor-size-default\">Bratislavsk\u00fd kraj<\/h1>\t\t<\/div>\n\t\t\t\t<\/div>\n\t\t\t\t<div class=\"elementor-element elementor-element-b95d462 elementor-widget elementor-widget-spacer\" data-id=\"b95d462\" data-element_type=\"widget\" data-widget_type=\"spacer.default\">\n\t\t\t\t<div class=\"elementor-widget-container\">\n\t\t\t\t\t<div class=\"elementor-spacer\">\n\t\t\t<div class=\"elementor-spacer-inner\"><\/div>\n\t\t<\/div>\n\t\t\t\t<\/div>\n\t\t\t\t<\/div>\n\t\t\t\t\t<\/div>\n\t\t<\/div>\n\t\t\t\t\t\t\t<\/div>\n\t\t<\/section>\n\t\t\t\t<section class=\"elementor-section elementor-top-section elementor-element elementor-element-5ea9fc5 elementor-section-full_width elementor-section-height-default elementor-section-height-default\" data-id=\"5ea9fc5\" data-element_type=\"section\" data-settings=\"{&quot;background_background&quot;:&quot;classic&quot;}\">\n\t\t\t\t\t\t<div class=\"elementor-container elementor-column-gap-no\">\n\t\t\t\t\t<div class=\"elementor-column elementor-col-100 elementor-top-column elementor-element elementor-element-5df9bf7\" data-id=\"5df9bf7\" data-element_type=\"column\">\n\t\t\t<div class=\"elementor-widget-wrap elementor-element-populated\">\n\t\t\t\t\t\t\t\t<div class=\"elementor-element elementor-element-930fb9a elementor-widget elementor-widget-image\" data-id=\"930fb9a\" data-element_type=\"widget\" data-settings=\"{&quot;motion_fx_motion_fx_scrolling&quot;:&quot;yes&quot;,&quot;motion_fx_translateY_effect&quot;:&quot;yes&quot;,&quot;motion_fx_translateY_affectedRange&quot;:{&quot;unit&quot;:&quot;%&quot;,&quot;size&quot;:&quot;&quot;,&quot;sizes&quot;:{&quot;start&quot;:0,&quot;end&quot;:50}},&quot;motion_fx_translateY_speed&quot;:{&quot;unit&quot;:&quot;px&quot;,&quot;size&quot;:4,&quot;sizes&quot;:[]},&quot;motion_fx_devices&quot;:[&quot;desktop&quot;,&quot;tablet&quot;,&quot;mobile&quot;]}\" data-widget_type=\"image.default\">\n\t\t\t\t<div class=\"elementor-widget-container\">\n\t\t\t<style>\/*! elementor - v3.6.5 - 27-04-2022 *\/\n.elementor-widget-image{text-align:center}.elementor-widget-image a{display:inline-block}.elementor-widget-image a img[src$=\".svg\"]{width:48px}.elementor-widget-image img{vertical-align:middle;display:inline-block}<\/style>\t\t\t\t\t\t\t\t\t\t\t\t<img loading=\"lazy\" decoding=\"async\" width=\"1000\" height=\"750\" src=\"https:\/\/www.mapa.bratislavaregion.travel\/cyril-metod\/wp-content\/uploads\/2022\/05\/B01_letecka_devin_img.png\" class=\"attachment-full size-full\" alt=\"\" srcset=\"https:\/\/www.mapa.bratislavaregion.travel\/cyril-metod\/wp-content\/uploads\/2022\/05\/B01_letecka_devin_img.png 1000w, https:\/\/www.mapa.bratislavaregion.travel\/cyril-metod\/wp-content\/uploads\/2022\/05\/B01_letecka_devin_img-300x225.png 300w, https:\/\/www.mapa.bratislavaregion.travel\/cyril-metod\/wp-content\/uploads\/2022\/05\/B01_letecka_devin_img-768x576.png 768w\" sizes=\"auto, 100vw\" \/>\t\t\t\t\t\t\t\t\t\t\t\t\t\t\t<\/div>\n\t\t\t\t<\/div>\n\t\t\t\t\t<\/div>\n\t\t<\/div>\n\t\t\t\t\t\t\t<\/div>\n\t\t<\/section>\n\t\t\t\t<section class=\"elementor-section elementor-top-section elementor-element elementor-element-c978c35 elementor-section-full_width elementor-section-height-default elementor-section-height-default\" data-id=\"c978c35\" data-element_type=\"section\">\n\t\t\t\t\t\t<div class=\"elementor-container elementor-column-gap-no\">\n\t\t\t\t\t<div class=\"elementor-column elementor-col-100 elementor-top-column elementor-element elementor-element-10d1ad6\" data-id=\"10d1ad6\" data-element_type=\"column\">\n\t\t\t<div class=\"elementor-widget-wrap elementor-element-populated\">\n\t\t\t\t\t\t\t\t<section class=\"elementor-section elementor-inner-section elementor-element elementor-element-be963db elementor-section-boxed elementor-section-height-default elementor-section-height-default\" data-id=\"be963db\" data-element_type=\"section\" data-settings=\"{&quot;background_background&quot;:&quot;classic&quot;}\">\n\t\t\t\t\t\t<div class=\"elementor-container elementor-column-gap-default\">\n\t\t\t\t\t<div class=\"elementor-column elementor-col-100 elementor-inner-column elementor-element elementor-element-e27a823\" data-id=\"e27a823\" data-element_type=\"column\">\n\t\t\t<div class=\"elementor-widget-wrap elementor-element-populated\">\n\t\t\t\t\t\t\t\t<div class=\"elementor-element elementor-element-3e4c6fd elementor-widget elementor-widget-spacer\" data-id=\"3e4c6fd\" data-element_type=\"widget\" data-widget_type=\"spacer.default\">\n\t\t\t\t<div class=\"elementor-widget-container\">\n\t\t\t\t\t<div class=\"elementor-spacer\">\n\t\t\t<div class=\"elementor-spacer-inner\"><\/div>\n\t\t<\/div>\n\t\t\t\t<\/div>\n\t\t\t\t<\/div>\n\t\t\t\t<div class=\"elementor-element elementor-element-e4aeeb4 elementor-widget elementor-widget-heading\" data-id=\"e4aeeb4\" data-element_type=\"widget\" data-widget_type=\"heading.default\">\n\t\t\t\t<div class=\"elementor-widget-container\">\n\t\t\t<h2 class=\"elementor-heading-title elementor-size-default\">Dev\u00edn<\/h2>\t\t<\/div>\n\t\t\t\t<\/div>\n\t\t\t\t<div class=\"elementor-element elementor-element-66071a0 elementor-widget elementor-widget-spacer\" data-id=\"66071a0\" data-element_type=\"widget\" data-widget_type=\"spacer.default\">\n\t\t\t\t<div class=\"elementor-widget-container\">\n\t\t\t\t\t<div class=\"elementor-spacer\">\n\t\t\t<div class=\"elementor-spacer-inner\"><\/div>\n\t\t<\/div>\n\t\t\t\t<\/div>\n\t\t\t\t<\/div>\n\t\t\t\t<div class=\"elementor-element elementor-element-8db0af5 elementor-widget elementor-widget-text-editor\" data-id=\"8db0af5\" data-element_type=\"widget\" data-widget_type=\"text-editor.default\">\n\t\t\t\t<div class=\"elementor-widget-container\">\n\t\t\t<style>\/*! elementor - v3.6.5 - 27-04-2022 *\/\n.elementor-widget-text-editor.elementor-drop-cap-view-stacked .elementor-drop-cap{background-color:#818a91;color:#fff}.elementor-widget-text-editor.elementor-drop-cap-view-framed .elementor-drop-cap{color:#818a91;border:3px solid;background-color:transparent}.elementor-widget-text-editor:not(.elementor-drop-cap-view-default) .elementor-drop-cap{margin-top:8px}.elementor-widget-text-editor:not(.elementor-drop-cap-view-default) .elementor-drop-cap-letter{width:1em;height:1em}.elementor-widget-text-editor .elementor-drop-cap{float:left;text-align:center;line-height:1;font-size:50px}.elementor-widget-text-editor .elementor-drop-cap-letter{display:inline-block}<\/style>\t\t\t\t<p>Dev\u00edn je jedine\u010dn\u00fdm, symbolick\u00fdm miestom medzi historick\u00fdmi pamiatkami Slovenska. N\u00e1lezy z ve\u013ekomoravsk\u00e9ho obdobia potvrdzuj\u00fa jeho kult\u00farno-duchovn\u00fd, ako aj politicko-strategick\u00fd v\u00fdznam. Preto je aj najv\u00fdznamnej\u0161\u00edm bodom na na\u0161ej trase. Do hist\u00f3rie v\u00e1s vtiahnu nielen ruiny stredovek\u00e9ho hradu, ale najm\u00e4 pozostatky ve\u013ekomoravsk\u00e9ho kostola z druhej polovice 9. st., \u010do rad\u00ed jeho vznik do obdobia vl\u00e1dy knie\u017ea\u0165a Rastislava. Sakr\u00e1lna stavba tu existovala asi 60 rokov a zanikla zrejme po\u010das v\u00fdbojov ma\u010farsk\u00fdch bojovn\u00edkov. Po n\u00e1v\u0161teve hradu, ktor\u00fd pon\u00faka n\u00e1dhern\u00fd poh\u013ead na \u0161irok\u00e9 okolie, m\u00f4\u017eete dnes zav\u00edta\u0165 do malebnej obce Dev\u00edn a nav\u0161t\u00edvi\u0165 aj Kostol sv. Kr\u00ed\u017ea z 13. st., ktor\u00fd pre\u0161iel viacer\u00fdmi architektonick\u00fdmi \u00fapravami a predstavuje zauj\u00edmav\u00fa kombin\u00e1ciu gotick\u00e9ho a barokov\u00e9ho slohu. V jeho okol\u00ed bolo odkryt\u00e9 rozsiahle pohrebisko z \u010dias Ve\u013ekej Moravy. N\u00e1lez n\u00e1hrobn\u00e9ho kame\u0148a s bohatou symbolikou viedol k domnienkam, \u017ee pr\u00e1ve tu je pochovan\u00fd sv. Metod. T\u00fato te\u00f3riu, hoci by dala miestu e\u0161te hlb\u0161\u00ed duchovn\u00fd rozmer, odborn\u00edci vyl\u00fa\u010dili a \u00e9ru sol\u00fanskych bratov pripom\u00edna aspo\u0148 s\u00faso\u0161ie sv. Cyrila a Metoda a socha Sv\u00e4topluka pred kostolom.<\/p><p>\u00a0<\/p>\t\t\t\t\t\t<\/div>\n\t\t\t\t<\/div>\n\t\t\t\t\t<\/div>\n\t\t<\/div>\n\t\t\t\t\t\t\t<\/div>\n\t\t<\/section>\n\t\t\t\t<div class=\"elementor-element elementor-element-84bf111 elementor-widget elementor-widget-image\" data-id=\"84bf111\" data-element_type=\"widget\" data-widget_type=\"image.default\">\n\t\t\t\t<div class=\"elementor-widget-container\">\n\t\t\t\t\t\t\t\t\t\t\t\t\t\t\t<img loading=\"lazy\" decoding=\"async\" width=\"1920\" height=\"900\" src=\"https:\/\/www.mapa.bratislavaregion.travel\/cyril-metod\/wp-content\/uploads\/2022\/05\/BA_2.jpg\" class=\"attachment-full size-full\" alt=\"\" srcset=\"https:\/\/www.mapa.bratislavaregion.travel\/cyril-metod\/wp-content\/uploads\/2022\/05\/BA_2.jpg 1920w, https:\/\/www.mapa.bratislavaregion.travel\/cyril-metod\/wp-content\/uploads\/2022\/05\/BA_2-300x141.jpg 300w, https:\/\/www.mapa.bratislavaregion.travel\/cyril-metod\/wp-content\/uploads\/2022\/05\/BA_2-1024x480.jpg 1024w, https:\/\/www.mapa.bratislavaregion.travel\/cyril-metod\/wp-content\/uploads\/2022\/05\/BA_2-768x360.jpg 768w, https:\/\/www.mapa.bratislavaregion.travel\/cyril-metod\/wp-content\/uploads\/2022\/05\/BA_2-1536x720.jpg 1536w\" sizes=\"auto, 100vw\" \/>\t\t\t\t\t\t\t\t\t\t\t\t\t\t\t<\/div>\n\t\t\t\t<\/div>\n\t\t\t\t\t<\/div>\n\t\t<\/div>\n\t\t\t\t\t\t\t<\/div>\n\t\t<\/section>\n\t\t\t\t<section class=\"elementor-section elementor-top-section elementor-element elementor-element-f14be8c elementor-section-full_width elementor-section-height-default elementor-section-height-default\" data-id=\"f14be8c\" data-element_type=\"section\">\n\t\t\t\t\t\t<div class=\"elementor-container elementor-column-gap-no\">\n\t\t\t\t\t<div class=\"elementor-column elementor-col-100 elementor-top-column elementor-element elementor-element-fdb60f4\" data-id=\"fdb60f4\" data-element_type=\"column\">\n\t\t\t<div class=\"elementor-widget-wrap elementor-element-populated\">\n\t\t\t\t\t\t\t\t<section class=\"elementor-section elementor-inner-section elementor-element elementor-element-56bf68b elementor-section-boxed elementor-section-height-default elementor-section-height-default\" data-id=\"56bf68b\" data-element_type=\"section\" data-settings=\"{&quot;background_background&quot;:&quot;classic&quot;}\">\n\t\t\t\t\t\t<div class=\"elementor-container elementor-column-gap-default\">\n\t\t\t\t\t<div class=\"elementor-column elementor-col-100 elementor-inner-column elementor-element elementor-element-b74bd83\" data-id=\"b74bd83\" data-element_type=\"column\">\n\t\t\t<div class=\"elementor-widget-wrap elementor-element-populated\">\n\t\t\t\t\t\t\t\t<div class=\"elementor-element elementor-element-a98f8e9 elementor-widget elementor-widget-spacer\" data-id=\"a98f8e9\" data-element_type=\"widget\" data-widget_type=\"spacer.default\">\n\t\t\t\t<div class=\"elementor-widget-container\">\n\t\t\t\t\t<div class=\"elementor-spacer\">\n\t\t\t<div class=\"elementor-spacer-inner\"><\/div>\n\t\t<\/div>\n\t\t\t\t<\/div>\n\t\t\t\t<\/div>\n\t\t\t\t<div class=\"elementor-element elementor-element-4863f4a elementor-widget elementor-widget-heading\" data-id=\"4863f4a\" data-element_type=\"widget\" data-widget_type=\"heading.default\">\n\t\t\t\t<div class=\"elementor-widget-container\">\n\t\t\t<h2 class=\"elementor-heading-title elementor-size-default\">Bratislavsk\u00fd hrad<\/h2>\t\t<\/div>\n\t\t\t\t<\/div>\n\t\t\t\t<div class=\"elementor-element elementor-element-307be1a elementor-widget elementor-widget-spacer\" data-id=\"307be1a\" data-element_type=\"widget\" data-widget_type=\"spacer.default\">\n\t\t\t\t<div class=\"elementor-widget-container\">\n\t\t\t\t\t<div class=\"elementor-spacer\">\n\t\t\t<div class=\"elementor-spacer-inner\"><\/div>\n\t\t<\/div>\n\t\t\t\t<\/div>\n\t\t\t\t<\/div>\n\t\t\t\t<div class=\"elementor-element elementor-element-33bd909 elementor-widget elementor-widget-text-editor\" data-id=\"33bd909\" data-element_type=\"widget\" data-widget_type=\"text-editor.default\">\n\t\t\t\t<div class=\"elementor-widget-container\">\n\t\t\t\t\t\t\t<p>T\u00e1to lokalita je jednou z k\u013e\u00fa\u010dov\u00fdch pre na\u0161u cestu za spozn\u00e1van\u00edm ve\u013ekomoravsk\u00e9ho obdobia. V 9. storo\u010d\u00ed tu existovalo opevnen\u00e9 slovansk\u00e9 hradisko s trojlo\u010fovou bazilikou, \u010di\u017ee hrad bol v\u00fdznamn\u00fdm cirkevn\u00fdm a administrat\u00edvnym centrom. Repliku zvy\u0161kov Ve\u013ekomoravskej baziliky tu dnes m\u00f4\u017eete vidie\u0165 na hornej v\u00fdchodnej terase are\u00e1lu. Vedzte, \u017ee t\u00e1to rom\u00e1nska sakr\u00e1lna stavba, asi z konca 9. st., patrila pod\u013ea rozmerov k najv\u00e4\u010d\u0161\u00edm doposia\u013e zn\u00e1mym ve\u013ekomoravsk\u00fdm kostolom. Ako stavebn\u00fd materi\u00e1l pri jej stavbe boli pou\u017eit\u00e9 kamene a tehly &#8211; sekund\u00e1rne pou\u017eit\u00e9 zo star\u0161ej r\u00edmskej stavby, ozna\u010den\u00e9 kolkom XIV. r\u00edmskej l\u00e9gie. Bazilika zanikla pravdepodobne za\u010diatkom 10. storo\u010dia a verejnos\u0165 sa o jej existencii dozvedela a\u017e v roku 1965. Ak sem zav\u00edtate, budete ma\u017e kr\u00e1sny v\u00fdh\u013ead na Katedr\u00e1lu sv. Martina a \u010das\u0165 star\u00e9ho mesta, na Dunaj a Petr\u017ealku, ale aj na na slovensko-rak\u00fasko-ma\u010farsk\u00fd hrani\u010dn\u00fd trojuholn\u00edk. Priamo v hrade, ktor\u00fd je n\u00e1rodnou kult\u00farnou pamiatkou a s\u00eddlom \u0161t\u00e1nej reprezent\u00e1cie, n\u00e1jdete st\u00e1lu expoz\u00edciu a aktu\u00e1lne v\u00fdstavy Historick\u00e9ho m\u00fazea Slovensk\u00e9ho n\u00e1rodn\u00e9ho m\u00fazea. Dozviete sa viac o historick\u00fdch medzn\u00edkoch aj zauj\u00edmavosti z ka\u017edodenn\u00e9ho \u017eivota \u013eud\u00ed.<\/p><p>\u00a0<\/p><p>\u00a0<\/p>\t\t\t\t\t\t<\/div>\n\t\t\t\t<\/div>\n\t\t\t\t\t<\/div>\n\t\t<\/div>\n\t\t\t\t\t\t\t<\/div>\n\t\t<\/section>\n\t\t\t\t<div class=\"elementor-element elementor-element-60cba6c elementor-widget elementor-widget-image\" data-id=\"60cba6c\" data-element_type=\"widget\" data-widget_type=\"image.default\">\n\t\t\t\t<div class=\"elementor-widget-container\">\n\t\t\t\t\t\t\t\t\t\t\t\t\t\t\t<img loading=\"lazy\" decoding=\"async\" width=\"1920\" height=\"900\" src=\"https:\/\/www.mapa.bratislavaregion.travel\/cyril-metod\/wp-content\/uploads\/2022\/05\/BA_3.jpg\" class=\"attachment-full size-full\" alt=\"\" srcset=\"https:\/\/www.mapa.bratislavaregion.travel\/cyril-metod\/wp-content\/uploads\/2022\/05\/BA_3.jpg 1920w, https:\/\/www.mapa.bratislavaregion.travel\/cyril-metod\/wp-content\/uploads\/2022\/05\/BA_3-300x141.jpg 300w, https:\/\/www.mapa.bratislavaregion.travel\/cyril-metod\/wp-content\/uploads\/2022\/05\/BA_3-1024x480.jpg 1024w, https:\/\/www.mapa.bratislavaregion.travel\/cyril-metod\/wp-content\/uploads\/2022\/05\/BA_3-768x360.jpg 768w, https:\/\/www.mapa.bratislavaregion.travel\/cyril-metod\/wp-content\/uploads\/2022\/05\/BA_3-1536x720.jpg 1536w\" sizes=\"auto, 100vw\" \/>\t\t\t\t\t\t\t\t\t\t\t\t\t\t\t<\/div>\n\t\t\t\t<\/div>\n\t\t\t\t\t<\/div>\n\t\t<\/div>\n\t\t\t\t\t\t\t<\/div>\n\t\t<\/section>\n\t\t\t\t<section class=\"elementor-section elementor-top-section elementor-element elementor-element-608160f elementor-section-full_width elementor-section-height-default elementor-section-height-default\" data-id=\"608160f\" data-element_type=\"section\">\n\t\t\t\t\t\t<div class=\"elementor-container elementor-column-gap-no\">\n\t\t\t\t\t<div class=\"elementor-column elementor-col-100 elementor-top-column elementor-element elementor-element-cb033a5\" data-id=\"cb033a5\" data-element_type=\"column\">\n\t\t\t<div class=\"elementor-widget-wrap elementor-element-populated\">\n\t\t\t\t\t\t\t\t<section class=\"elementor-section elementor-inner-section elementor-element elementor-element-c7a004d elementor-section-boxed elementor-section-height-default elementor-section-height-default\" data-id=\"c7a004d\" data-element_type=\"section\" data-settings=\"{&quot;background_background&quot;:&quot;classic&quot;}\">\n\t\t\t\t\t\t<div class=\"elementor-container elementor-column-gap-default\">\n\t\t\t\t\t<div class=\"elementor-column elementor-col-100 elementor-inner-column elementor-element elementor-element-ec9e85c\" data-id=\"ec9e85c\" data-element_type=\"column\">\n\t\t\t<div class=\"elementor-widget-wrap elementor-element-populated\">\n\t\t\t\t\t\t\t\t<div class=\"elementor-element elementor-element-6eb60e8 elementor-widget elementor-widget-spacer\" data-id=\"6eb60e8\" data-element_type=\"widget\" data-widget_type=\"spacer.default\">\n\t\t\t\t<div class=\"elementor-widget-container\">\n\t\t\t\t\t<div class=\"elementor-spacer\">\n\t\t\t<div class=\"elementor-spacer-inner\"><\/div>\n\t\t<\/div>\n\t\t\t\t<\/div>\n\t\t\t\t<\/div>\n\t\t\t\t<div class=\"elementor-element elementor-element-566d7da elementor-widget elementor-widget-heading\" data-id=\"566d7da\" data-element_type=\"widget\" data-widget_type=\"heading.default\">\n\t\t\t\t<div class=\"elementor-widget-container\">\n\t\t\t<h2 class=\"elementor-heading-title elementor-size-default\">D\u00f3m sv. Martina<\/h2>\t\t<\/div>\n\t\t\t\t<\/div>\n\t\t\t\t<div class=\"elementor-element elementor-element-d572fbd elementor-widget elementor-widget-spacer\" data-id=\"d572fbd\" data-element_type=\"widget\" data-widget_type=\"spacer.default\">\n\t\t\t\t<div class=\"elementor-widget-container\">\n\t\t\t\t\t<div class=\"elementor-spacer\">\n\t\t\t<div class=\"elementor-spacer-inner\"><\/div>\n\t\t<\/div>\n\t\t\t\t<\/div>\n\t\t\t\t<\/div>\n\t\t\t\t<div class=\"elementor-element elementor-element-409cc98 elementor-widget elementor-widget-text-editor\" data-id=\"409cc98\" data-element_type=\"widget\" data-widget_type=\"text-editor.default\">\n\t\t\t\t<div class=\"elementor-widget-container\">\n\t\t\t\t\t\t\t<p>Na po\u010diatku zrodu tohto impozantn\u00e9ho architektonick\u00e9ho diela bol p\u00e1pe\u017esk\u00fd s\u00fahlas s premiestnen\u00edm prepo\u0161tsk\u00e9ho kostola z hradu do podhradia. \u017diados\u0165 uhorsk\u00e9ho kr\u00e1\u013ea Imricha odobril p\u00e1pe\u017e Inocent III. v roku 1221. Prestavba dovtedaj\u0161ieho farsk\u00e9ho kostola sa za\u010dala v 14. storo\u010d\u00ed a vtla\u010dila nov\u00e9mu chr\u00e1mu gotick\u00fa podobize\u0148. Sl\u00e1vnu hist\u00f3riu D\u00f3mu pod\u010diarkuje fakt, \u017ee tu v rokoch 1563 &#8211; 1830 korunovali uhorsk\u00fdch panovn\u00edkov. Sv\u00e4to\u0161tefansk\u00fa kr\u00e1\u013eovsk\u00fa korunu tu na hlavu polo\u017eili 11 panovn\u00edkom (medzi nimi i M\u00e1rii Ter\u00e9zii) a 8 kr\u00e1\u013eovsk\u00fdm man\u017eelk\u00e1m. Tieto dejinn\u00e9 udalosti pripom\u00edna podujatie Korunova\u010dn\u00e9 sl\u00e1vnosti. Po zvy\u0161ok roka sa m\u00f4\u017eu n\u00e1v\u0161tevn\u00edci te\u0161i\u0165 na prehliadky, v r\u00e1mci ktor\u00fdch uvidia napr. Kaplnku sv. J\u00e1na Almu\u017en\u00edka s mohutn\u00fdm barokov\u00fdm olt\u00e1rom, sochu sv. Martina so \u017eobr\u00e1kom, \u010di bronzov\u00fa krstite\u013enicu. Chr\u00e1m v roku 1995 poctil svojou n\u00e1v\u0161tevou aj p\u00e1pe\u017e \u2013 sv. J\u00e1n Pavol II. Vy tak m\u00f4\u017eete urobi\u0165 celoro\u010dne od 9:00 do 11:30 a od 13:00 (v sobotu &#8211; v pr\u00edpade sviatosti krstu od 13:45) do 18:00. Ve\u013ek\u00e1 \u010das\u0165 sv\u00e4tost\u00e1nku je spr\u00edstupnen\u00e1 bezplatne.<\/p><p>\u00a0<\/p><p>\u00a0<\/p>\t\t\t\t\t\t<\/div>\n\t\t\t\t<\/div>\n\t\t\t\t\t<\/div>\n\t\t<\/div>\n\t\t\t\t\t\t\t<\/div>\n\t\t<\/section>\n\t\t\t\t<div class=\"elementor-element elementor-element-5eb0159 elementor-widget elementor-widget-image\" data-id=\"5eb0159\" data-element_type=\"widget\" data-widget_type=\"image.default\">\n\t\t\t\t<div class=\"elementor-widget-container\">\n\t\t\t\t\t\t\t\t\t\t\t\t\t\t\t<img loading=\"lazy\" decoding=\"async\" width=\"1920\" height=\"900\" src=\"https:\/\/www.mapa.bratislavaregion.travel\/cyril-metod\/wp-content\/uploads\/2022\/05\/BA_4.jpg\" class=\"attachment-full size-full\" alt=\"\" srcset=\"https:\/\/www.mapa.bratislavaregion.travel\/cyril-metod\/wp-content\/uploads\/2022\/05\/BA_4.jpg 1920w, https:\/\/www.mapa.bratislavaregion.travel\/cyril-metod\/wp-content\/uploads\/2022\/05\/BA_4-300x141.jpg 300w, https:\/\/www.mapa.bratislavaregion.travel\/cyril-metod\/wp-content\/uploads\/2022\/05\/BA_4-1024x480.jpg 1024w, https:\/\/www.mapa.bratislavaregion.travel\/cyril-metod\/wp-content\/uploads\/2022\/05\/BA_4-768x360.jpg 768w, https:\/\/www.mapa.bratislavaregion.travel\/cyril-metod\/wp-content\/uploads\/2022\/05\/BA_4-1536x720.jpg 1536w\" sizes=\"auto, 100vw\" \/>\t\t\t\t\t\t\t\t\t\t\t\t\t\t\t<\/div>\n\t\t\t\t<\/div>\n\t\t\t\t\t<\/div>\n\t\t<\/div>\n\t\t\t\t\t\t\t<\/div>\n\t\t<\/section>\n\t\t\t\t<section class=\"elementor-section elementor-top-section elementor-element elementor-element-8a2b0e9 elementor-section-full_width elementor-section-height-default elementor-section-height-default\" data-id=\"8a2b0e9\" data-element_type=\"section\">\n\t\t\t\t\t\t<div class=\"elementor-container elementor-column-gap-no\">\n\t\t\t\t\t<div class=\"elementor-column elementor-col-100 elementor-top-column elementor-element elementor-element-c0ed1ac\" data-id=\"c0ed1ac\" data-element_type=\"column\">\n\t\t\t<div class=\"elementor-widget-wrap elementor-element-populated\">\n\t\t\t\t\t\t\t\t<section class=\"elementor-section elementor-inner-section elementor-element elementor-element-7a06186 elementor-section-boxed elementor-section-height-default elementor-section-height-default\" data-id=\"7a06186\" data-element_type=\"section\" data-settings=\"{&quot;background_background&quot;:&quot;classic&quot;}\">\n\t\t\t\t\t\t<div class=\"elementor-container elementor-column-gap-default\">\n\t\t\t\t\t<div class=\"elementor-column elementor-col-100 elementor-inner-column elementor-element elementor-element-76ab059\" data-id=\"76ab059\" data-element_type=\"column\">\n\t\t\t<div class=\"elementor-widget-wrap elementor-element-populated\">\n\t\t\t\t\t\t\t\t<div class=\"elementor-element elementor-element-504664b elementor-widget elementor-widget-spacer\" data-id=\"504664b\" data-element_type=\"widget\" data-widget_type=\"spacer.default\">\n\t\t\t\t<div class=\"elementor-widget-container\">\n\t\t\t\t\t<div class=\"elementor-spacer\">\n\t\t\t<div class=\"elementor-spacer-inner\"><\/div>\n\t\t<\/div>\n\t\t\t\t<\/div>\n\t\t\t\t<\/div>\n\t\t\t\t<div class=\"elementor-element elementor-element-9948cb7 elementor-widget elementor-widget-heading\" data-id=\"9948cb7\" data-element_type=\"widget\" data-widget_type=\"heading.default\">\n\t\t\t\t<div class=\"elementor-widget-container\">\n\t\t\t<h2 class=\"elementor-heading-title elementor-size-default\">Marianka<\/h2>\t\t<\/div>\n\t\t\t\t<\/div>\n\t\t\t\t<div class=\"elementor-element elementor-element-23cc8dd elementor-widget elementor-widget-spacer\" data-id=\"23cc8dd\" data-element_type=\"widget\" data-widget_type=\"spacer.default\">\n\t\t\t\t<div class=\"elementor-widget-container\">\n\t\t\t\t\t<div class=\"elementor-spacer\">\n\t\t\t<div class=\"elementor-spacer-inner\"><\/div>\n\t\t<\/div>\n\t\t\t\t<\/div>\n\t\t\t\t<\/div>\n\t\t\t\t<div class=\"elementor-element elementor-element-56accdd elementor-widget elementor-widget-text-editor\" data-id=\"56accdd\" data-element_type=\"widget\" data-widget_type=\"text-editor.default\">\n\t\t\t\t<div class=\"elementor-widget-container\">\n\t\t\t\t\t\t\t<p>Marianka je do p\u00fatnickej mapy zap\u00edsan\u00e1 ve\u013ek\u00fdm p\u00edsmom, ke\u010f\u017ee je to najstar\u0161ie p\u00fatnick\u00e9 miesto na Slovensku. Ka\u017edoro\u010dne sa sem na jese\u0148 sch\u00e1dzaj\u00fa p\u00fatnici, celoro\u010dne aj \u0161irok\u00e1 verejnos\u0165, aby si uctili Bo\u017eiu Matku, na pr\u00edhovor ktorej sa tu udialo mno\u017estvo z\u00e1zrakov. Miestna legenda hovor\u00ed o zbojn\u00edkovi, ktor\u00fd na\u0161iel so\u0161ku a pod \u0148ou prame\u0148, ktor\u00fd tu vyviera a m\u00e1 \u00fadajne z\u00e1zra\u010dn\u00fa moc uzdravova\u0165. Milostiv\u00e1 socha je vystaven\u00e1 na hlavnom olt\u00e1ri kostola Narodenia Panny M\u00e1rie z roku 1377. P\u00fatnick\u00fd are\u00e1l s kostolom a kl\u00e1\u0161torom je v spr\u00e1ve Kongreg\u00e1cie bratov te\u0161ite\u013eov a n\u00e1jdete tu aj Kaplnku sv. Anny, Kaplnku sv. Studne, Kaplnku sv. Flori\u00e1na, 6 mari\u00e1nskych kaplniek z 18. st., Lurdsk\u00fa jasky\u0148u s mno\u017estvom \u010fakovn\u00fdch odkazov vytesan\u00fdch do kamenn\u00fdch platn\u00ed, Kalv\u00e1riu, 14 kaplniek Kr\u00ed\u017eovej cesty zdoben\u00fdch p\u00e4\u0165desiatkou s\u00f4ch v \u017eivotnej ve\u013ekosti a in\u00e9. Okrem toho sa tu v b\u00fdvalom ka\u0161tieli nach\u00e1dza Exerci\u010dn\u00fd dom Nepo\u0161kvrnenej Panny M\u00e1rie. Bohatstvom Marianky s\u00fa aj technick\u00e9 pamiatky. Stoj\u00ed tu Star\u00e1 \u013eadov\u0148a, kde sa usklad\u0148oval v zime vyr\u00faban\u00fd \u013ead z rybn\u00edkov v M\u00e1ste a Stupave i zvy\u0161ky V\u00e1hov\u0148e v bl\u00edzkosti v\u00fdznamn\u00e9ho kame\u0148olomu, kde sa \u0165a\u017eila bridlica, ktor\u00e1 sa v celom b\u00fdvalom Uhorsku pou\u017e\u00edvala aj na v\u00fdrobu \u0161kolsk\u00fdch tabuliek na p\u00edsanie. Nad obcou sa nach\u00e1dza aj Velatick\u00e9 hradisko datovan\u00e9 do obdobia 1200 \u2013 1000 p.n.l.<\/p><p>\u00a0<\/p><p>\u00a0<\/p>\t\t\t\t\t\t<\/div>\n\t\t\t\t<\/div>\n\t\t\t\t\t<\/div>\n\t\t<\/div>\n\t\t\t\t\t\t\t<\/div>\n\t\t<\/section>\n\t\t\t\t<div class=\"elementor-element elementor-element-b18b198 elementor-widget elementor-widget-image\" data-id=\"b18b198\" data-element_type=\"widget\" data-widget_type=\"image.default\">\n\t\t\t\t<div class=\"elementor-widget-container\">\n\t\t\t\t\t\t\t\t\t\t\t\t\t\t\t<img loading=\"lazy\" decoding=\"async\" width=\"1920\" height=\"900\" src=\"https:\/\/www.mapa.bratislavaregion.travel\/cyril-metod\/wp-content\/uploads\/2022\/05\/BA_5.jpg\" class=\"attachment-full size-full\" alt=\"\" srcset=\"https:\/\/www.mapa.bratislavaregion.travel\/cyril-metod\/wp-content\/uploads\/2022\/05\/BA_5.jpg 1920w, https:\/\/www.mapa.bratislavaregion.travel\/cyril-metod\/wp-content\/uploads\/2022\/05\/BA_5-300x141.jpg 300w, https:\/\/www.mapa.bratislavaregion.travel\/cyril-metod\/wp-content\/uploads\/2022\/05\/BA_5-1024x480.jpg 1024w, https:\/\/www.mapa.bratislavaregion.travel\/cyril-metod\/wp-content\/uploads\/2022\/05\/BA_5-768x360.jpg 768w, https:\/\/www.mapa.bratislavaregion.travel\/cyril-metod\/wp-content\/uploads\/2022\/05\/BA_5-1536x720.jpg 1536w\" sizes=\"auto, 100vw\" \/>\t\t\t\t\t\t\t\t\t\t\t\t\t\t\t<\/div>\n\t\t\t\t<\/div>\n\t\t\t\t\t<\/div>\n\t\t<\/div>\n\t\t\t\t\t\t\t<\/div>\n\t\t<\/section>\n\t\t\t\t<section class=\"elementor-section elementor-top-section elementor-element elementor-element-fdf6b8f elementor-section-full_width elementor-section-height-default elementor-section-height-default\" data-id=\"fdf6b8f\" data-element_type=\"section\">\n\t\t\t\t\t\t<div class=\"elementor-container elementor-column-gap-no\">\n\t\t\t\t\t<div class=\"elementor-column elementor-col-100 elementor-top-column elementor-element elementor-element-dd8c835\" data-id=\"dd8c835\" data-element_type=\"column\">\n\t\t\t<div class=\"elementor-widget-wrap elementor-element-populated\">\n\t\t\t\t\t\t\t\t<section class=\"elementor-section elementor-inner-section elementor-element elementor-element-3c07523 elementor-section-boxed elementor-section-height-default elementor-section-height-default\" data-id=\"3c07523\" data-element_type=\"section\" data-settings=\"{&quot;background_background&quot;:&quot;classic&quot;}\">\n\t\t\t\t\t\t<div class=\"elementor-container elementor-column-gap-default\">\n\t\t\t\t\t<div class=\"elementor-column elementor-col-100 elementor-inner-column elementor-element elementor-element-74f2232\" data-id=\"74f2232\" data-element_type=\"column\">\n\t\t\t<div class=\"elementor-widget-wrap elementor-element-populated\">\n\t\t\t\t\t\t\t\t<div class=\"elementor-element elementor-element-fb68376 elementor-widget elementor-widget-spacer\" data-id=\"fb68376\" data-element_type=\"widget\" data-widget_type=\"spacer.default\">\n\t\t\t\t<div class=\"elementor-widget-container\">\n\t\t\t\t\t<div class=\"elementor-spacer\">\n\t\t\t<div class=\"elementor-spacer-inner\"><\/div>\n\t\t<\/div>\n\t\t\t\t<\/div>\n\t\t\t\t<\/div>\n\t\t\t\t<div class=\"elementor-element elementor-element-ad35da4 elementor-widget elementor-widget-heading\" data-id=\"ad35da4\" data-element_type=\"widget\" data-widget_type=\"heading.default\">\n\t\t\t\t<div class=\"elementor-widget-container\">\n\t\t\t<h2 class=\"elementor-heading-title elementor-size-default\">Slovansk\u00e9 hradisko (Ne\u0161tich)<\/h2>\t\t<\/div>\n\t\t\t\t<\/div>\n\t\t\t\t<div class=\"elementor-element elementor-element-ec7b9f7 elementor-widget elementor-widget-spacer\" data-id=\"ec7b9f7\" data-element_type=\"widget\" data-widget_type=\"spacer.default\">\n\t\t\t\t<div class=\"elementor-widget-container\">\n\t\t\t\t\t<div class=\"elementor-spacer\">\n\t\t\t<div class=\"elementor-spacer-inner\"><\/div>\n\t\t<\/div>\n\t\t\t\t<\/div>\n\t\t\t\t<\/div>\n\t\t\t\t<div class=\"elementor-element elementor-element-93166da elementor-widget elementor-widget-text-editor\" data-id=\"93166da\" data-element_type=\"widget\" data-widget_type=\"text-editor.default\">\n\t\t\t\t<div class=\"elementor-widget-container\">\n\t\t\t\t\t\t\t<p>Na svahoch Mal\u00fdch Karp\u00e1t nad Sv\u00e4t\u00fdm Jurom nem\u00f4\u017eete ob\u00eds\u0165 ve\u013ekomoravsk\u00e9 hradisko le\u017eiace nad p\u00f4vodne samostatnou osadou Ne\u0161tich. Hradisko vzniklo v 30-tych rokoch 9. storo\u010dia a rozprestiera sa na ploche 3,2 ha. V lesnom poraste hradisko \u013eahko identifikujete v\u010faka mohutn\u00fdm, v\u00fdborne zachovan\u00fdm valom a priekop\u00e1m akropoly a dvoch mlad\u0161\u00edch predhrad\u00ed. N\u00e1lezy avarsk\u00e9ho a slovansk\u00e9ho os\u00eddlenia dokladuj\u00fa jeho v\u00fdznamn\u00e9 postavenie v regi\u00f3ne. Na opa\u010dnom kopci v bl\u00edzkosti Jozefkovsk\u00e9ho \u00fadolia natraf\u00edte na pozostatky stredovek\u00e9ho hradu Biely Kame\u0148, s\u00eddla sv\u00e4tojursk\u00fdch gr\u00f3fov, ktor\u00fd dominoval meste\u010dku od 13. do 17. storo\u010dia.<\/p><p>\u00a0<\/p><p>\u00a0<\/p>\t\t\t\t\t\t<\/div>\n\t\t\t\t<\/div>\n\t\t\t\t\t<\/div>\n\t\t<\/div>\n\t\t\t\t\t\t\t<\/div>\n\t\t<\/section>\n\t\t\t\t<div class=\"elementor-element elementor-element-f2be411 elementor-widget elementor-widget-image\" data-id=\"f2be411\" data-element_type=\"widget\" data-widget_type=\"image.default\">\n\t\t\t\t<div class=\"elementor-widget-container\">\n\t\t\t\t\t\t\t\t\t\t\t\t\t\t\t<img loading=\"lazy\" decoding=\"async\" width=\"1920\" height=\"900\" src=\"https:\/\/www.mapa.bratislavaregion.travel\/cyril-metod\/wp-content\/uploads\/2022\/05\/BA_7.jpg\" class=\"attachment-full size-full\" alt=\"\" srcset=\"https:\/\/www.mapa.bratislavaregion.travel\/cyril-metod\/wp-content\/uploads\/2022\/05\/BA_7.jpg 1920w, https:\/\/www.mapa.bratislavaregion.travel\/cyril-metod\/wp-content\/uploads\/2022\/05\/BA_7-300x141.jpg 300w, https:\/\/www.mapa.bratislavaregion.travel\/cyril-metod\/wp-content\/uploads\/2022\/05\/BA_7-1024x480.jpg 1024w, https:\/\/www.mapa.bratislavaregion.travel\/cyril-metod\/wp-content\/uploads\/2022\/05\/BA_7-768x360.jpg 768w, https:\/\/www.mapa.bratislavaregion.travel\/cyril-metod\/wp-content\/uploads\/2022\/05\/BA_7-1536x720.jpg 1536w\" sizes=\"auto, 100vw\" \/>\t\t\t\t\t\t\t\t\t\t\t\t\t\t\t<\/div>\n\t\t\t\t<\/div>\n\t\t\t\t\t<\/div>\n\t\t<\/div>\n\t\t\t\t\t\t\t<\/div>\n\t\t<\/section>\n\t\t\t\t<section class=\"elementor-section elementor-top-section elementor-element elementor-element-a54b9be elementor-section-full_width elementor-section-height-default elementor-section-height-default\" data-id=\"a54b9be\" data-element_type=\"section\">\n\t\t\t\t\t\t<div class=\"elementor-container elementor-column-gap-no\">\n\t\t\t\t\t<div class=\"elementor-column elementor-col-100 elementor-top-column elementor-element elementor-element-5b7919a\" data-id=\"5b7919a\" data-element_type=\"column\">\n\t\t\t<div class=\"elementor-widget-wrap elementor-element-populated\">\n\t\t\t\t\t\t\t\t<section class=\"elementor-section elementor-inner-section elementor-element elementor-element-6a13ad2 elementor-section-boxed elementor-section-height-default elementor-section-height-default\" data-id=\"6a13ad2\" data-element_type=\"section\" data-settings=\"{&quot;background_background&quot;:&quot;classic&quot;}\">\n\t\t\t\t\t\t<div class=\"elementor-container elementor-column-gap-default\">\n\t\t\t\t\t<div class=\"elementor-column elementor-col-100 elementor-inner-column elementor-element elementor-element-595678d\" data-id=\"595678d\" data-element_type=\"column\">\n\t\t\t<div class=\"elementor-widget-wrap elementor-element-populated\">\n\t\t\t\t\t\t\t\t<div class=\"elementor-element elementor-element-45c4d4e elementor-widget elementor-widget-spacer\" data-id=\"45c4d4e\" data-element_type=\"widget\" data-widget_type=\"spacer.default\">\n\t\t\t\t<div class=\"elementor-widget-container\">\n\t\t\t\t\t<div class=\"elementor-spacer\">\n\t\t\t<div class=\"elementor-spacer-inner\"><\/div>\n\t\t<\/div>\n\t\t\t\t<\/div>\n\t\t\t\t<\/div>\n\t\t\t\t<div class=\"elementor-element elementor-element-e7046df elementor-widget elementor-widget-heading\" data-id=\"e7046df\" data-element_type=\"widget\" data-widget_type=\"heading.default\">\n\t\t\t\t<div class=\"elementor-widget-container\">\n\t\t\t<h2 class=\"elementor-heading-title elementor-size-default\">Modra a okolie<\/h2>\t\t<\/div>\n\t\t\t\t<\/div>\n\t\t\t\t<div class=\"elementor-element elementor-element-b6d3a22 elementor-widget elementor-widget-spacer\" data-id=\"b6d3a22\" data-element_type=\"widget\" data-widget_type=\"spacer.default\">\n\t\t\t\t<div class=\"elementor-widget-container\">\n\t\t\t\t\t<div class=\"elementor-spacer\">\n\t\t\t<div class=\"elementor-spacer-inner\"><\/div>\n\t\t<\/div>\n\t\t\t\t<\/div>\n\t\t\t\t<\/div>\n\t\t\t\t<div class=\"elementor-element elementor-element-2a9b50f elementor-widget elementor-widget-text-editor\" data-id=\"2a9b50f\" data-element_type=\"widget\" data-widget_type=\"text-editor.default\">\n\t\t\t\t<div class=\"elementor-widget-container\">\n\t\t\t\t\t\t\t<p>Uprostred modransk\u00fdch vinohradov stoj\u00ed od roku 1814 Kalv\u00e1ria, ku ktorej vedie jedine\u010dn\u00e1 keramick\u00e1 kr\u00ed\u017eov\u00e1 cesta. Sp\u00e1ja hlinu, keramiku, vinohradn\u00edctvo a vin\u00e1rstvo \u2013 tak\u00e9 typick\u00e9 pre Modru. Keramick\u00e9 kachlice, zn\u00e1zor\u0148uj\u00face jednotliv\u00e9 zastavenia na symbolickej ceste za ukri\u017eovan\u00edm Je\u017ei\u0161a Krista s\u00fa dielom majstrov keramik\u00e1rov Mari\u00e1na Li\u0161ku, Jozefa Franka, Igora Mes\u00edka, J\u00e1na Vigla\u0161a a J\u00e1na Pe\u010duka. Architektonick\u00fd n\u00e1vrh vypracovala Lucia Maru\u0161icov\u00e1, stavbu realizoval Igor Tu\u010dek s pomocou Mateja Kratochv\u00edla. Do d\u00e1vnej\u0161ej hist\u00f3rie spad\u00e1 Z\u00e1m\u010disko (468 m n.m.) s kr\u00e1snymi v\u00fdh\u013eadmi. Tu sa okolo roku 700 pred n. l. rozprestieralo opevnen\u00e9 hradisko. Malo tvar pravidelnej podkovy, chr\u00e1nili ho obrann\u00e9 valy a priekopa. Podobu dostalo zrejme v \u010dase Ve\u013ekej Moravy a naposledy bolo prestavan\u00e9 v 13. storo\u010d\u00ed. Na\u0161lo sa tu nieko\u013eko vz\u00e1cnych archeologick\u00fdch n\u00e1lezov: \u017eelezn\u00fd n\u00f4\u017e a radlice, stredovek\u00e9 kladivo, kresadlo, ostroha, kos\u00e1k a \u010fal\u0161ie \u00fa\u017eitkov\u00e9 predmety. Priamo v meste nav\u0161t\u00edvte Emreszovsk\u00fd dom a Pam\u00e4tn\u00fa izbu \u013dudov\u00edta \u0160t\u00fara. \u013dahko rozpoznate\u013en\u00fd dom patril v 19. st. rodine mestsk\u00e9ho sudcu J\u00e1na Emresza, ktor\u00e9ho dc\u00e9ra Rozina sa vydala za rektora evanjelick\u00e9ho gymn\u00e1zia Karola \u0160t\u00fara, najstar\u0161ieho brata \u013dudov\u00edta \u0160t\u00fara. Po man\u017eelovej smrti sa sem pres\u0165ahovala, zatia\u013e \u010do \u013dudov\u00edt jej pom\u00e1hal s v\u00fdchovou det\u00ed. V roku 1856 po tom, \u010do sa pri polova\u010dke postrelil do nohy, sa pr\u00e1ve tu lie\u010dil a tu aj zomrel.<\/p><p>\u00a0<\/p><p>\u00a0<\/p>\t\t\t\t\t\t<\/div>\n\t\t\t\t<\/div>\n\t\t\t\t\t<\/div>\n\t\t<\/div>\n\t\t\t\t\t\t\t<\/div>\n\t\t<\/section>\n\t\t\t\t<div class=\"elementor-element elementor-element-21dcd77 elementor-widget elementor-widget-image\" data-id=\"21dcd77\" data-element_type=\"widget\" data-widget_type=\"image.default\">\n\t\t\t\t<div class=\"elementor-widget-container\">\n\t\t\t\t\t\t\t\t\t\t\t\t\t\t\t<img loading=\"lazy\" decoding=\"async\" width=\"1920\" height=\"900\" src=\"https:\/\/www.mapa.bratislavaregion.travel\/cyril-metod\/wp-content\/uploads\/2022\/05\/BA_6.jpg\" class=\"attachment-full size-full\" alt=\"\" srcset=\"https:\/\/www.mapa.bratislavaregion.travel\/cyril-metod\/wp-content\/uploads\/2022\/05\/BA_6.jpg 1920w, https:\/\/www.mapa.bratislavaregion.travel\/cyril-metod\/wp-content\/uploads\/2022\/05\/BA_6-300x141.jpg 300w, https:\/\/www.mapa.bratislavaregion.travel\/cyril-metod\/wp-content\/uploads\/2022\/05\/BA_6-1024x480.jpg 1024w, https:\/\/www.mapa.bratislavaregion.travel\/cyril-metod\/wp-content\/uploads\/2022\/05\/BA_6-768x360.jpg 768w, https:\/\/www.mapa.bratislavaregion.travel\/cyril-metod\/wp-content\/uploads\/2022\/05\/BA_6-1536x720.jpg 1536w\" sizes=\"auto, 100vw\" \/>\t\t\t\t\t\t\t\t\t\t\t\t\t\t\t<\/div>\n\t\t\t\t<\/div>\n\t\t\t\t\t<\/div>\n\t\t<\/div>\n\t\t\t\t\t\t\t<\/div>\n\t\t<\/section>\n\t\t\t\t<section class=\"elementor-section elementor-top-section elementor-element elementor-element-013d875 elementor-section-full_width elementor-section-height-default elementor-section-height-default\" data-id=\"013d875\" data-element_type=\"section\">\n\t\t\t\t\t\t<div class=\"elementor-container elementor-column-gap-no\">\n\t\t\t\t\t<div class=\"elementor-column elementor-col-100 elementor-top-column elementor-element elementor-element-606b011\" data-id=\"606b011\" data-element_type=\"column\">\n\t\t\t<div class=\"elementor-widget-wrap elementor-element-populated\">\n\t\t\t\t\t\t\t\t<section class=\"elementor-section elementor-inner-section elementor-element elementor-element-8c963dd elementor-section-boxed elementor-section-height-default elementor-section-height-default\" data-id=\"8c963dd\" data-element_type=\"section\" data-settings=\"{&quot;background_background&quot;:&quot;classic&quot;}\">\n\t\t\t\t\t\t<div class=\"elementor-container elementor-column-gap-default\">\n\t\t\t\t\t<div class=\"elementor-column elementor-col-100 elementor-inner-column elementor-element elementor-element-7633773\" data-id=\"7633773\" data-element_type=\"column\">\n\t\t\t<div class=\"elementor-widget-wrap elementor-element-populated\">\n\t\t\t\t\t\t\t\t<div class=\"elementor-element elementor-element-3c87478 elementor-widget elementor-widget-spacer\" data-id=\"3c87478\" data-element_type=\"widget\" data-widget_type=\"spacer.default\">\n\t\t\t\t<div class=\"elementor-widget-container\">\n\t\t\t\t\t<div class=\"elementor-spacer\">\n\t\t\t<div class=\"elementor-spacer-inner\"><\/div>\n\t\t<\/div>\n\t\t\t\t<\/div>\n\t\t\t\t<\/div>\n\t\t\t\t<div class=\"elementor-element elementor-element-9f1d0ba elementor-widget elementor-widget-heading\" data-id=\"9f1d0ba\" data-element_type=\"widget\" data-widget_type=\"heading.default\">\n\t\t\t\t<div class=\"elementor-widget-container\">\n\t\t\t<h2 class=\"elementor-heading-title elementor-size-default\">Do\u013eany<\/h2>\t\t<\/div>\n\t\t\t\t<\/div>\n\t\t\t\t<div class=\"elementor-element elementor-element-715821a elementor-widget elementor-widget-spacer\" data-id=\"715821a\" data-element_type=\"widget\" data-widget_type=\"spacer.default\">\n\t\t\t\t<div class=\"elementor-widget-container\">\n\t\t\t\t\t<div class=\"elementor-spacer\">\n\t\t\t<div class=\"elementor-spacer-inner\"><\/div>\n\t\t<\/div>\n\t\t\t\t<\/div>\n\t\t\t\t<\/div>\n\t\t\t\t<div class=\"elementor-element elementor-element-7e2db72 elementor-widget elementor-widget-text-editor\" data-id=\"7e2db72\" data-element_type=\"widget\" data-widget_type=\"text-editor.default\">\n\t\t\t\t<div class=\"elementor-widget-container\">\n\t\t\t\t\t\t\t<p>Vinohradn\u00edcku obec na \u00fap\u00e4t\u00ed Mal\u00fdch Karp\u00e1t medzi Modrou a Smolenicami kedysi volali Ompit\u00e1lom, \u010do je n\u00e1zov odvoden\u00fd od nemeck\u00e9ho slova Ottenthal. Do\u013eanmi sa obec naz\u00fdva a\u017e od roku 1948 a e\u0161te dnes sa medzi miestnymi m\u00f4\u017eete stretn\u00fa\u0165 s pou\u017e\u00edvan\u00edm n\u00e1zvu Ompit\u00e1l. Historick\u00fd n\u00e1zov kedysi meste\u010dka s privil\u00e9giami, ktor\u00e9 bolo s\u00fa\u010das\u0165ou \u010dervenokamensk\u00e9ho panstva, dostal Ompit\u00e1l pod\u013ea nemeck\u00e9ho cis\u00e1ra Otta II.. Usadili sa tu toti\u017e nemeck\u00ed osadn\u00edci, ktor\u00ed os\u00eddlovali \u00fazemie po tom ako ho vyplienili v\u00fdbojn\u00e9 tureck\u00e9 jednotky. Nemeck\u00ed osadn\u00edci uctievali sv. Leonarda, ktor\u00fd je patr\u00f3nom obce do dne\u0161n\u00fdch dn\u00ed. Pamiatky P\u00f4vod Kostola sv. Katar\u00edny siaha a\u017e do 14. storo\u010dia. Nie je tomu d\u00e1vno, \u010do tu pri v\u00fdskumoch objavili ma\u013ebu asi z roku 1450. V Do\u013eanoch m\u00f4\u017eete vidie\u0165 aj Mestsk\u00fa ve\u017eu z roku 1598 a Kaplnku sv. \u0160ebastiana. Patr\u00f3novi obce je zasv\u00e4ten\u00e1 Kaplnka sv. Leonarda. Kaplnka sv. Leonarda Kaplnka je zo 14. storo\u010dia a patr\u00ed k vyh\u013ead\u00e1van\u00fdm p\u00fatnick\u00fdm miestam. P\u00fate sem sa konaj\u00fa na jeho sviatok &#8211; 6. novembra, no hlavn\u00e1 p\u00fa\u0165 tu b\u00fdva okolo sviatku Nanebovst\u00fapenia P\u00e1na, \u010di\u017ee 40 dn\u00ed po Ve\u013ekej noci. Gotick\u00fa kaplnku, ktorej zadn\u00fa \u010das\u0165 tvor\u00ed jasky\u0148a, n\u00e1jdete nad obcou na kalv\u00e1rii. Do dne\u0161nej podoby bola roz\u0161\u00edren\u00e1 v 17. storo\u010d\u00ed. Patr\u00f3n obce &#8211; sv. Leonard Sv. Leonard \u017eil v 5. storo\u010d\u00ed a poch\u00e1dzal zo vzne\u0161en\u00e9ho rodu. Bol to pohan s l\u00e1skav\u00fdm srdcom, ktor\u00fd sa nesk\u00f4r rozhodol pre krst a stal sa horliv\u00fdm k\u0148azom. Nesk\u00f4r sa uch\u00fdlil do kl\u00e1\u0161tora, stal sa mn\u00edchom, nesk\u00f4r pustovn\u00edkom. Mnoh\u00fdm \u013eu\u010fom pomohol, okrem in\u00e9ho aj kr\u00e1\u013eovi Thodobertovi, panovn\u00edkovi Akvit\u00e1nie, ktor\u00e9ho na po\u013eova\u010dke sprev\u00e1dzala man\u017eelka v po\u017eehnanom stave. Tej sa pri\u0165a\u017eilo a jej stav sa zlep\u0161il a\u017e na Leonardov pr\u00edhovor. Porodila zdrav\u00e9 die\u0165a za \u010do dostal od kr\u00e1\u013ea les, pomohol mu vystava\u0165 kl\u00e1\u0161tor a chr\u00e1m, dnes zn\u00e1my ako Kl\u00e1\u0161tor sv. Leonarda v Noble. Tam je aj pochovan\u00fd. Zomrel 6. novembra 559. V Do\u013eanoch je sv. Leonard vyobrazen\u00fd aj v obecnom erbe i na pe\u010datidle, kde ale na rozdiel od p\u00f4vodn\u00fdch rozlomen\u00fdch p\u00fat, dr\u017e\u00ed v ruk\u00e1ch strapce hrozna. Veriaci si dodnes uctievaj\u00fa svojho patr\u00f3na v do\u013eanskom kostole v zimnom obdob\u00ed v\u017edy v nede\u013eu r\u00e1no na pobo\u017enosti. Osobnosti Do\u013eany, s\u00fa spojen\u00e9 aj s dvoma v\u00fdznamn\u00fdmi predstavite\u013emi slovensk\u00e9ho n\u00e1rodn\u00e9ho hnutia &#8211; Jurajom F\u00e1ndlym a Jurajom Palkovi\u010dom. Vidie\u0165 tu m\u00f4\u017eete ich rodi\u010dovsk\u00e9 domy a pomn\u00edky v obci i na cintor\u00edne. Juraj F\u00e1ndly (1750 \u2013 1811) Slovensk\u00fd osvietensk\u00fd spisovate\u013e, r\u00edmskokatol\u00edcky k\u0148az a entomol\u00f3g, po ktorom je pomenovan\u00e1 plan\u00e9tka \u010d\u00edslo 16435, Juraj F\u00e1ndly sa narodil v \u010castej v remeseln\u00edcko-ro\u013en\u00edckej rodine. Jeho rodi\u010dia J\u00e1n a Mar\u00edna Fandly \u017eili v \u010castej len prechodne, dva roky, no po skorej otcovej smrti sa matka pres\u0165ahovala do Ompit\u00e1lu. Vie sa, \u017ee mlad\u00fd Juraj \u0161tudoval na piaristickom gymn\u00e1ziu vo Sv\u00e4tom Jure, u franti\u0161k\u00e1nov, kapuc\u00ednov i petr\u00ednov, no pre slab\u0161ie zdravie ho do \u017eiadnej rehole neprijali. Nesk\u00f4r \u0161tudoval teol\u00f3giu v Bud\u00edne a v Trnave. Vysv\u00e4ten\u00fd za k\u0148aza bol v roku 1777, p\u00f4sobil v Seredi, Luk\u00e1\u010dovciach pri Nitre i Nah\u00e1\u010di pri Trnave &#8211; v najbiednej\u0161ej farnosti \u0161iroko &#8211; \u010faleko. Aby zahnal hladomor, stal sa pred\u00e1kom \u0161a\u0161t\u00ednskej manufakt\u00fary a svojich farn\u00edkov nau\u010dil prias\u0165 bavlnu. Okrem toho p\u00f4sobil aj ako dedinsk\u00fd zelink\u00e1r a nahr\u00e1dzal tak lek\u00e1ra a jeho slu\u017eby. Robil ve\u013ea pre to, aby pozdvihol \u017eivoty svojich farn\u00edkov, no do ob\u013euby cirkevnej vrchnosti sa nedostal. Chor\u00fd a unaven\u00fd sa vr\u00e1til k rodine do Ompit\u00e1la, kde nap\u00edsal v latin\u010dine Historick\u00fa rozpravu o meste\u010dku Ompit\u00e1l. Zomrel tu v marci 1811. F\u00e1ndly nap\u00edsal nieko\u013eko, na svoju dobu v\u00fdznamn\u00fdch diel, napr\u00edklad: D\u00favern\u00e1 zml\u00fava medzi m\u0148\u00edchom a di\u00e1blom, Slovensk\u00ed v\u010del\u00e1r, Kr\u00e1tke dejiny slovensk\u00e9ho n\u00e1roda v latin\u010dine a viaczv\u00e4zkov\u00e9 dielo Piln\u00fd dom\u00e1ci a po\u013en\u00fd hospod\u00e1r. Juraj Palkovi\u010d (1763 &#8211; 1850) Juraj Palkovi\u010d sa narodil vo Ve\u013ek\u00fdch Chlievanoch, no u\u017e od roku 1773 \u017eil s rodi\u010dmi v Do\u013eanoch. \u0160tudoval v Trnave, vo Viedni i Bratislave a v roku 1788 sa mu dostalo k\u0148azskej vysviacky. Po\u010das \u0161t\u00fadi\u00ed v Bratislave sa stal zakladaj\u00facim \u010dlenom bernol\u00e1kovsk\u00e9ho Slovensk\u00e9ho u\u010den\u00e9ho tovari\u0161stva a v\u00fdrazne dopomohol k rozvoju a \u0161\u00edreniu bernol\u00e1kov\u010diny &#8211; nov\u00e9ho spisovn\u00e9ho jazyka. Tento slovensk\u00fd b\u00e1snik, novin\u00e1r, prekladate\u013e, pedag\u00f3g a organiz\u00e1tor kult\u00farneho \u017eivota bol aj profesorom bratislavsk\u00e9ho evanjelick\u00e9ho l\u00fdcea a zasadil sa za to, aby tu mohol p\u00f4sobi\u0165 n\u00e1rodn\u00fd budite\u013e \u013dudov\u00edt \u0160t\u00far, ktor\u00fd nebol v ob\u013eube vrchnosti. \u0160tyri roky p\u00f4sobil ako poslanec uhorsk\u00e9ho snemu za mesto Krupina. N\u00e1hrobn\u00fd pam\u00e4tn\u00edk a Bo\u017eie muky F\u00e1ndlyho n\u00e1hrobn\u00fd pam\u00e4tn\u00edk na do\u013eanskom cintor\u00edne, postaven\u00fd v roku 1950 pri 200. v\u00fdro\u010d\u00ed jeho narodenia, sa nach\u00e1dza symbolicky v centr\u00e1lnej \u010dasti. Presn\u00fa polohu jeho hrobu a teda p\u00f4vodn\u00e9ho n\u00e1hrobn\u00edku dnes u\u017e nepozn\u00e1me. V obci sa e\u0161te nach\u00e1dza pomn\u00edk v podobe Bo\u017e\u00edch m\u00fak, ktor\u00fd tu nechala na Fandlyho pamiatku postavi\u0165 miestna organiz\u00e1cia Matice slovenskej z Trnavy v roku 1926. Spolo\u010dn\u00fd pomn\u00edk F\u00e1ndly a Palkovi\u010d maj\u00fa v obci osaden\u00fd aj spolo\u010dn\u00fd pomn\u00edk. Z vlastn\u00fdch prostriedkov ho dal postavi\u0165 do\u013eansk\u00fd far\u00e1r Anton Adamkovi\u010d. Vytvoren\u00fd bol na n\u00e1vrh trnavsk\u00e9ho soch\u00e1ra P. \u010camb\u00e1la. Pomn\u00edk pred kostolom in\u0161talovali 16. septembra 1988.<\/p><p>\u00a0<\/p><p>\u00a0<\/p>\t\t\t\t\t\t<\/div>\n\t\t\t\t<\/div>\n\t\t\t\t\t<\/div>\n\t\t<\/div>\n\t\t\t\t\t\t\t<\/div>\n\t\t<\/section>\n\t\t\t\t\t<\/div>\n\t\t<\/div>\n\t\t\t\t\t\t\t<\/div>\n\t\t<\/section>\n\t\t\t\t<section class=\"elementor-section elementor-top-section elementor-element elementor-element-9997d85 elementor-section-full_width elementor-section-height-default elementor-section-height-default\" data-id=\"9997d85\" data-element_type=\"section\" data-settings=\"{&quot;background_background&quot;:&quot;classic&quot;}\">\n\t\t\t\t\t\t<div class=\"elementor-container elementor-column-gap-no\">\n\t\t\t\t\t<div class=\"elementor-column elementor-col-100 elementor-top-column elementor-element elementor-element-7e8fb85\" data-id=\"7e8fb85\" data-element_type=\"column\">\n\t\t\t<div class=\"elementor-widget-wrap elementor-element-populated\">\n\t\t\t\t\t\t\t\t<div class=\"elementor-element elementor-element-a33cd11 elementor-widget elementor-widget-shortcode\" data-id=\"a33cd11\" data-element_type=\"widget\" data-widget_type=\"shortcode.default\">\n\t\t\t\t<div class=\"elementor-widget-container\">\n\t\t\t\t\t<div class=\"elementor-shortcode\"><iframe loading=\"lazy\" src=\"https:\/\/domcentrope.maps.arcgis.com\/apps\/instant\/basic\/index.html?appid=a9de5347d56c48afaa800e0a7215fd26\" width=\"400\" height=\"600\" frameborder=\"0\" style=\"border:0\" allowfullscreen>iFrames are not supported on this page.<\/iframe><\/div>\n\t\t\t\t<\/div>\n\t\t\t\t<\/div>\n\t\t\t\t\t<\/div>\n\t\t<\/div>\n\t\t\t\t\t\t\t<\/div>\n\t\t<\/section>\n\t\t\t\t\t\t\t<\/div>\n\t\t","protected":false},"excerpt":{"rendered":"<p>Bratislavsk\u00fd kraj Dev\u00edn Dev\u00edn je jedine\u010dn\u00fdm, symbolick\u00fdm miestom medzi historick\u00fdmi pamiatkami Slovenska. N\u00e1lezy z ve\u013ekomoravsk\u00e9ho obdobia potvrdzuj\u00fa jeho kult\u00farno-duchovn\u00fd, ako aj politicko-strategick\u00fd v\u00fdznam. Preto je aj najv\u00fdznamnej\u0161\u00edm bodom na na\u0161ej trase. Do hist\u00f3rie v\u00e1s vtiahnu nielen ruiny stredovek\u00e9ho hradu, ale najm\u00e4 pozostatky ve\u013ekomoravsk\u00e9ho kostola z druhej polovice 9. st., \u010do rad\u00ed jeho vznik do obdobia &hellip; <\/p>\n<p class=\"link-more\"><a href=\"https:\/\/www.mapa.bratislavaregion.travel\/cyril-metod\/index.php\/bratislavsky-kraj\/\" class=\"more-link\">Continue reading<span class=\"screen-reader-text\"> &#8220;Bratislavsk\u00fd kraj&#8221;<\/span><\/a><\/p>\n","protected":false},"author":1,"featured_media":225,"parent":0,"menu_order":0,"comment_status":"closed","ping_status":"closed","template":"elementor_header_footer","meta":{"footnotes":""},"class_list":["post-57","page","type-page","status-publish","has-post-thumbnail","hentry"],"_links":{"self":[{"href":"https:\/\/www.mapa.bratislavaregion.travel\/cyril-metod\/index.php\/wp-json\/wp\/v2\/pages\/57","targetHints":{"allow":["GET"]}}],"collection":[{"href":"https:\/\/www.mapa.bratislavaregion.travel\/cyril-metod\/index.php\/wp-json\/wp\/v2\/pages"}],"about":[{"href":"https:\/\/www.mapa.bratislavaregion.travel\/cyril-metod\/index.php\/wp-json\/wp\/v2\/types\/page"}],"author":[{"embeddable":true,"href":"https:\/\/www.mapa.bratislavaregion.travel\/cyril-metod\/index.php\/wp-json\/wp\/v2\/users\/1"}],"replies":[{"embeddable":true,"href":"https:\/\/www.mapa.bratislavaregion.travel\/cyril-metod\/index.php\/wp-json\/wp\/v2\/comments?post=57"}],"version-history":[{"count":14,"href":"https:\/\/www.mapa.bratislavaregion.travel\/cyril-metod\/index.php\/wp-json\/wp\/v2\/pages\/57\/revisions"}],"predecessor-version":[{"id":340,"href":"https:\/\/www.mapa.bratislavaregion.travel\/cyril-metod\/index.php\/wp-json\/wp\/v2\/pages\/57\/revisions\/340"}],"wp:featuredmedia":[{"embeddable":true,"href":"https:\/\/www.mapa.bratislavaregion.travel\/cyril-metod\/index.php\/wp-json\/wp\/v2\/media\/225"}],"wp:attachment":[{"href":"https:\/\/www.mapa.bratislavaregion.travel\/cyril-metod\/index.php\/wp-json\/wp\/v2\/media?parent=57"}],"curies":[{"name":"wp","href":"https:\/\/api.w.org\/{rel}","templated":true}]}}