{"id":100,"date":"2022-12-07T15:00:57","date_gmt":"2022-12-07T15:00:57","guid":{"rendered":"https:\/\/www.mapa.bratislavaregion.travel\/vianocne-trhy\/?page_id=100"},"modified":"2022-12-15T07:20:19","modified_gmt":"2022-12-15T07:20:19","slug":"baregion","status":"publish","type":"page","link":"https:\/\/www.mapa.bratislavaregion.travel\/vianocne-trhy\/index.php\/baregion\/","title":{"rendered":"V Bratislavskom regi\u00f3ne"},"content":{"rendered":"\t\t<div data-elementor-type=\"wp-page\" data-elementor-id=\"100\" class=\"elementor elementor-100\">\n\t\t\t\t\t\t\t\t\t<section class=\"elementor-section elementor-top-section elementor-element elementor-element-3e713887 elementor-section-boxed elementor-section-height-default elementor-section-height-default\" data-id=\"3e713887\" data-element_type=\"section\">\n\t\t\t\t\t\t<div class=\"elementor-container elementor-column-gap-default\">\n\t\t\t\t\t<div class=\"elementor-column elementor-col-100 elementor-top-column elementor-element elementor-element-7dd7ea86\" data-id=\"7dd7ea86\" data-element_type=\"column\">\n\t\t\t<div class=\"elementor-widget-wrap elementor-element-populated\">\n\t\t\t\t\t\t\t\t<div class=\"elementor-element elementor-element-7d64ccb9 elementor-widget elementor-widget-spacer\" data-id=\"7d64ccb9\" data-element_type=\"widget\" data-widget_type=\"spacer.default\">\n\t\t\t\t<div class=\"elementor-widget-container\">\n\t\t\t<style>\/*! elementor - v3.8.1 - 13-11-2022 *\/\n.elementor-column .elementor-spacer-inner{height:var(--spacer-size)}.e-con{--container-widget-width:100%}.e-con-inner>.elementor-widget-spacer,.e-con>.elementor-widget-spacer{width:var(--container-widget-width,var(--spacer-size));-ms-flex-item-align:stretch;align-self:stretch;-ms-flex-negative:0;flex-shrink:0}.e-con-inner>.elementor-widget-spacer>.elementor-widget-container,.e-con-inner>.elementor-widget-spacer>.elementor-widget-container>.elementor-spacer,.e-con>.elementor-widget-spacer>.elementor-widget-container,.e-con>.elementor-widget-spacer>.elementor-widget-container>.elementor-spacer{height:100%}.e-con-inner>.elementor-widget-spacer>.elementor-widget-container>.elementor-spacer>.elementor-spacer-inner,.e-con>.elementor-widget-spacer>.elementor-widget-container>.elementor-spacer>.elementor-spacer-inner{height:var(--container-widget-height,var(--spacer-size))}<\/style>\t\t<div class=\"elementor-spacer\">\n\t\t\t<div class=\"elementor-spacer-inner\"><\/div>\n\t\t<\/div>\n\t\t\t\t<\/div>\n\t\t\t\t<\/div>\n\t\t\t\t<div class=\"elementor-element elementor-element-774019f5 elementor-widget elementor-widget-heading\" data-id=\"774019f5\" data-element_type=\"widget\" data-widget_type=\"heading.default\">\n\t\t\t\t<div class=\"elementor-widget-container\">\n\t\t\t<style>\/*! elementor - v3.8.1 - 13-11-2022 *\/\n.elementor-heading-title{padding:0;margin:0;line-height:1}.elementor-widget-heading .elementor-heading-title[class*=elementor-size-]>a{color:inherit;font-size:inherit;line-height:inherit}.elementor-widget-heading .elementor-heading-title.elementor-size-small{font-size:15px}.elementor-widget-heading .elementor-heading-title.elementor-size-medium{font-size:19px}.elementor-widget-heading .elementor-heading-title.elementor-size-large{font-size:29px}.elementor-widget-heading .elementor-heading-title.elementor-size-xl{font-size:39px}.elementor-widget-heading .elementor-heading-title.elementor-size-xxl{font-size:59px}<\/style><h1 class=\"elementor-heading-title elementor-size-default\">V Bratislavskom regi\u00f3ne<\/h1>\t\t<\/div>\n\t\t\t\t<\/div>\n\t\t\t\t<div class=\"elementor-element elementor-element-149230dc elementor-widget elementor-widget-text-editor\" data-id=\"149230dc\" data-element_type=\"widget\" data-widget_type=\"text-editor.default\">\n\t\t\t\t<div class=\"elementor-widget-container\">\n\t\t\t<style>\/*! elementor - v3.8.1 - 13-11-2022 *\/\n.elementor-widget-text-editor.elementor-drop-cap-view-stacked .elementor-drop-cap{background-color:#818a91;color:#fff}.elementor-widget-text-editor.elementor-drop-cap-view-framed .elementor-drop-cap{color:#818a91;border:3px solid;background-color:transparent}.elementor-widget-text-editor:not(.elementor-drop-cap-view-default) .elementor-drop-cap{margin-top:8px}.elementor-widget-text-editor:not(.elementor-drop-cap-view-default) .elementor-drop-cap-letter{width:1em;height:1em}.elementor-widget-text-editor .elementor-drop-cap{float:left;text-align:center;line-height:1;font-size:50px}.elementor-widget-text-editor .elementor-drop-cap-letter{display:inline-block}<\/style>\t\t\t\t<p><a href=\"https:\/\/www.mapa.bratislavaregion.travel\/vianocne-trhy\/index.php\/bratislava\/\">Bratislava<\/a> | <a href=\"https:\/\/www.mapa.bratislavaregion.travel\/vianocne-trhy\/index.php\/staremesto\/\">Bratislava \u2013 mestsk\u00e1 \u010das\u0165 Star\u00e9 Mesto<\/a> | <a href=\"https:\/\/www.mapa.bratislavaregion.travel\/vianocne-trhy\/index.php\/stupava\/\">Stupava<\/a> | <a href=\"https:\/\/www.mapa.bratislavaregion.travel\/vianocne-trhy\/index.php\/modra\/\">Modra<\/a> | <a href=\"https:\/\/www.mapa.bratislavaregion.travel\/vianocne-trhy\/index.php\/senec\/\">Senec<\/a> | <a href=\"https:\/\/www.mapa.bratislavaregion.travel\/vianocne-trhy\/index.php\/pezinok\/\">Pezinok<\/a> | <a href=\"https:\/\/www.mapa.bratislavaregion.travel\/vianocne-trhy\/index.php\/malacky\/\">Malacky<\/a> | <a href=\"https:\/\/www.mapa.bratislavaregion.travel\/vianocne-trhy\/index.php\/skalica\/\">Skalica<\/a><\/p>\t\t\t\t\t\t<\/div>\n\t\t\t\t<\/div>\n\t\t\t\t<div class=\"elementor-element elementor-element-6d17d1f5 elementor-widget elementor-widget-spacer\" data-id=\"6d17d1f5\" data-element_type=\"widget\" data-widget_type=\"spacer.default\">\n\t\t\t\t<div class=\"elementor-widget-container\">\n\t\t\t\t\t<div class=\"elementor-spacer\">\n\t\t\t<div class=\"elementor-spacer-inner\"><\/div>\n\t\t<\/div>\n\t\t\t\t<\/div>\n\t\t\t\t<\/div>\n\t\t\t\t<div class=\"elementor-element elementor-element-43415bd2 elementor-widget elementor-widget-text-editor\" data-id=\"43415bd2\" data-element_type=\"widget\" data-widget_type=\"text-editor.default\">\n\t\t\t\t<div class=\"elementor-widget-container\">\n\t\t\t\t\t\t\t<p>Bratislava so svojimi historick\u00fdmi n\u00e1mestiami a&nbsp;<span style=\"color: var( --e-global-color-text ); font-family: var( --e-global-typography-text-font-family ), Sans-serif; font-weight: var( --e-global-typography-text-font-weight ); font-size: 1rem;\">romantick\u00fdmi scen\u00e9riami je ide\u00e1lnym miestom pre&nbsp;<\/span><span style=\"color: var( --e-global-color-text ); font-family: var( --e-global-typography-text-font-family ), Sans-serif; font-weight: var( --e-global-typography-text-font-weight ); font-size: 1rem;\">organizovanie viano\u010dn\u00fdch trhov. Komorn\u00e9 aj priestrann\u00e9&nbsp;<\/span><span style=\"color: var( --e-global-color-text ); font-family: var( --e-global-typography-text-font-family ), Sans-serif; font-weight: var( --e-global-typography-text-font-weight ); font-size: 1rem;\">n\u00e1mestia odet\u00e9 do viano\u010dnej v\u00fdzdoby poz\u00fdvaj\u00fa na&nbsp;<\/span><span style=\"color: var( --e-global-color-text ); font-family: var( --e-global-typography-text-font-family ), Sans-serif; font-weight: var( --e-global-typography-text-font-weight ); font-size: 1rem;\">ochutn\u00e1vku jed\u00e1l, typick\u00fdch pre tento regi\u00f3n ako s\u00fa lok\u0161e, \u010di&nbsp;<\/span><span style=\"color: var( --e-global-color-text ); font-family: var( --e-global-typography-text-font-family ), Sans-serif; font-weight: var( --e-global-typography-text-font-weight ); font-size: 1rem;\">zemiakov\u00e9 placky, ale aj \u0161tr\u00fadle, \u010di trdeln\u00edky. Dom\u00e1ci vin\u00e1ri&nbsp;<\/span><span style=\"color: var( --e-global-color-text ); font-family: var( --e-global-typography-text-font-family ), Sans-serif; font-weight: var( --e-global-typography-text-font-weight ); font-size: 1rem;\">v\u00e1s srde\u010dne pohostia svojimi v\u00ednami, aj r\u00edbez\u013eov\u00fdmi, v\u010del\u00e1ri&nbsp;<\/span><span style=\"color: var( --e-global-color-text ); font-family: var( --e-global-typography-text-font-family ), Sans-serif; font-weight: var( --e-global-typography-text-font-weight ); font-size: 1rem;\">zasa medovinou a kvalitn\u00fdmi medmi. Trhmi sa \u0161\u00edri vrava a&nbsp;<\/span><span style=\"color: var( --e-global-color-text ); font-family: var( --e-global-typography-text-font-family ), Sans-serif; font-weight: var( --e-global-typography-text-font-weight ); font-size: 1rem;\">v\u00f4\u0148a viano\u010dn\u00e9ho pun\u010du. Rovnako dobre sa budete c\u00edti\u0165 aj&nbsp;<\/span><span style=\"color: var( --e-global-color-text ); font-family: var( --e-global-typography-text-font-family ), Sans-serif; font-weight: var( --e-global-typography-text-font-weight ); font-size: 1rem;\">na men\u0161\u00edch trhoch okolit\u00fdch predmest\u00ed a meste\u010diek&nbsp;<\/span><span style=\"color: var( --e-global-color-text ); font-family: var( --e-global-typography-text-font-family ), Sans-serif; font-weight: var( --e-global-typography-text-font-weight ); font-size: 1rem;\">r\u00e1zovit\u00e9ho Z\u00e1horia, podmaniv\u00e9ho Podunajska a&nbsp;<\/span><span style=\"color: var( --e-global-color-text ); font-family: var( --e-global-typography-text-font-family ), Sans-serif; font-weight: var( --e-global-typography-text-font-weight ); font-size: 1rem;\">n\u00e1dhern\u00e9ho Malokarpatska.<\/span><\/p>\t\t\t\t\t\t<\/div>\n\t\t\t\t<\/div>\n\t\t\t\t\t<\/div>\n\t\t<\/div>\n\t\t\t\t\t\t\t<\/div>\n\t\t<\/section>\n\t\t\t\t<section class=\"elementor-section elementor-top-section elementor-element elementor-element-6b528714 elementor-section-full_width elementor-section-height-default elementor-section-height-default\" data-id=\"6b528714\" data-element_type=\"section\">\n\t\t\t\t\t\t<div class=\"elementor-container elementor-column-gap-no\">\n\t\t\t\t\t<div class=\"elementor-column elementor-col-100 elementor-top-column elementor-element elementor-element-157ff24a\" data-id=\"157ff24a\" data-element_type=\"column\">\n\t\t\t<div class=\"elementor-widget-wrap elementor-element-populated\">\n\t\t\t\t\t\t\t\t<div class=\"elementor-element elementor-element-1ed954cd animated-slow elementor-invisible elementor-widget elementor-widget-image\" data-id=\"1ed954cd\" data-element_type=\"widget\" data-settings=\"{&quot;motion_fx_motion_fx_scrolling&quot;:&quot;yes&quot;,&quot;motion_fx_translateY_effect&quot;:&quot;yes&quot;,&quot;motion_fx_translateY_affectedRange&quot;:{&quot;unit&quot;:&quot;%&quot;,&quot;size&quot;:&quot;&quot;,&quot;sizes&quot;:{&quot;start&quot;:0,&quot;end&quot;:49}},&quot;_animation&quot;:&quot;fadeIn&quot;,&quot;motion_fx_translateY_speed&quot;:{&quot;unit&quot;:&quot;px&quot;,&quot;size&quot;:4,&quot;sizes&quot;:[]},&quot;motion_fx_devices&quot;:[&quot;desktop&quot;,&quot;tablet&quot;,&quot;mobile&quot;]}\" data-widget_type=\"image.default\">\n\t\t\t\t<div class=\"elementor-widget-container\">\n\t\t\t<style>\/*! elementor - v3.8.1 - 13-11-2022 *\/\n.elementor-widget-image{text-align:center}.elementor-widget-image a{display:inline-block}.elementor-widget-image a img[src$=\".svg\"]{width:48px}.elementor-widget-image img{vertical-align:middle;display:inline-block}<\/style>\t\t\t\t\t\t\t\t\t\t\t\t<img loading=\"lazy\" decoding=\"async\" width=\"1920\" height=\"837\" src=\"https:\/\/www.mapa.bratislavaregion.travel\/vianocne-trhy\/wp-content\/uploads\/2022\/12\/Slovensko.jpg\" class=\"attachment-full size-full\" alt=\"\" srcset=\"https:\/\/www.mapa.bratislavaregion.travel\/vianocne-trhy\/wp-content\/uploads\/2022\/12\/Slovensko.jpg 1920w, https:\/\/www.mapa.bratislavaregion.travel\/vianocne-trhy\/wp-content\/uploads\/2022\/12\/Slovensko-300x131.jpg 300w, https:\/\/www.mapa.bratislavaregion.travel\/vianocne-trhy\/wp-content\/uploads\/2022\/12\/Slovensko-1024x446.jpg 1024w, https:\/\/www.mapa.bratislavaregion.travel\/vianocne-trhy\/wp-content\/uploads\/2022\/12\/Slovensko-768x335.jpg 768w, https:\/\/www.mapa.bratislavaregion.travel\/vianocne-trhy\/wp-content\/uploads\/2022\/12\/Slovensko-1536x670.jpg 1536w\" sizes=\"auto, (max-width: 1920px) 100vw, 1920px\" \/>\t\t\t\t\t\t\t\t\t\t\t\t\t\t\t<\/div>\n\t\t\t\t<\/div>\n\t\t\t\t\t<\/div>\n\t\t<\/div>\n\t\t\t\t\t\t\t<\/div>\n\t\t<\/section>\n\t\t\t\t<section class=\"elementor-section elementor-top-section elementor-element elementor-element-618a6d0f elementor-section-boxed elementor-section-height-default elementor-section-height-default\" data-id=\"618a6d0f\" data-element_type=\"section\">\n\t\t\t\t\t\t<div class=\"elementor-container elementor-column-gap-default\">\n\t\t\t\t\t<div class=\"elementor-column elementor-col-100 elementor-top-column elementor-element elementor-element-1ef38f9d\" data-id=\"1ef38f9d\" data-element_type=\"column\">\n\t\t\t<div class=\"elementor-widget-wrap elementor-element-populated\">\n\t\t\t\t\t\t\t\t<div class=\"elementor-element elementor-element-c016537 elementor-widget elementor-widget-spacer\" data-id=\"c016537\" data-element_type=\"widget\" data-widget_type=\"spacer.default\">\n\t\t\t\t<div class=\"elementor-widget-container\">\n\t\t\t\t\t<div class=\"elementor-spacer\">\n\t\t\t<div class=\"elementor-spacer-inner\"><\/div>\n\t\t<\/div>\n\t\t\t\t<\/div>\n\t\t\t\t<\/div>\n\t\t\t\t<div class=\"elementor-element elementor-element-765d4060 elementor-widget elementor-widget-heading\" data-id=\"765d4060\" data-element_type=\"widget\" data-widget_type=\"heading.default\">\n\t\t\t\t<div class=\"elementor-widget-container\">\n\t\t\t<h2 class=\"elementor-heading-title elementor-size-default\">Mapov\u00fd sprievodca\n<\/h2>\t\t<\/div>\n\t\t\t\t<\/div>\n\t\t\t\t<div class=\"elementor-element elementor-element-42d8c997 elementor-widget elementor-widget-spacer\" data-id=\"42d8c997\" data-element_type=\"widget\" data-widget_type=\"spacer.default\">\n\t\t\t\t<div class=\"elementor-widget-container\">\n\t\t\t\t\t<div class=\"elementor-spacer\">\n\t\t\t<div class=\"elementor-spacer-inner\"><\/div>\n\t\t<\/div>\n\t\t\t\t<\/div>\n\t\t\t\t<\/div>\n\t\t\t\t\t<\/div>\n\t\t<\/div>\n\t\t\t\t\t\t\t<\/div>\n\t\t<\/section>\n\t\t\t\t<section class=\"elementor-section elementor-top-section elementor-element elementor-element-5a30f9d5 elementor-section-full_width elementor-section-height-default elementor-section-height-default\" data-id=\"5a30f9d5\" data-element_type=\"section\">\n\t\t\t\t\t\t<div class=\"elementor-container elementor-column-gap-no\">\n\t\t\t\t\t<div class=\"elementor-column elementor-col-100 elementor-top-column elementor-element elementor-element-375f496c\" data-id=\"375f496c\" data-element_type=\"column\">\n\t\t\t<div class=\"elementor-widget-wrap elementor-element-populated\">\n\t\t\t\t\t\t\t\t<div class=\"elementor-element elementor-element-132443ba elementor-widget elementor-widget-shortcode\" data-id=\"132443ba\" data-element_type=\"widget\" data-widget_type=\"shortcode.default\">\n\t\t\t\t<div class=\"elementor-widget-container\">\n\t\t\t\t\t<div class=\"elementor-shortcode\"><iframe loading=\"lazy\" src=\"https:\/\/domcentrope.maps.arcgis.com\/apps\/instant\/basic\/index.html?appid=7f6883507beb40f998796258b88920d7\" width=\"400\" height=\"600\" frameborder=\"0\" style=\"border:0\" allowfullscreen>iFrames are not supported on this page.<\/iframe><\/div>\n\t\t\t\t<\/div>\n\t\t\t\t<\/div>\n\t\t\t\t\t<\/div>\n\t\t<\/div>\n\t\t\t\t\t\t\t<\/div>\n\t\t<\/section>\n\t\t\t\t\t\t\t<\/div>\n\t\t","protected":false},"excerpt":{"rendered":"<p>V Bratislavskom regi\u00f3ne Bratislava | Bratislava \u2013 mestsk\u00e1 \u010das\u0165 Star\u00e9 Mesto | Stupava | Modra | Senec | Pezinok | Malacky | Skalica Bratislava so svojimi historick\u00fdmi n\u00e1mestiami a&nbsp;romantick\u00fdmi scen\u00e9riami je ide\u00e1lnym miestom pre&nbsp;organizovanie viano\u010dn\u00fdch trhov. Komorn\u00e9 aj priestrann\u00e9&nbsp;n\u00e1mestia odet\u00e9 do viano\u010dnej v\u00fdzdoby poz\u00fdvaj\u00fa na&nbsp;ochutn\u00e1vku jed\u00e1l, typick\u00fdch pre tento regi\u00f3n ako s\u00fa lok\u0161e, \u010di&nbsp;zemiakov\u00e9 placky, [&hellip;]<\/p>\n","protected":false},"author":1,"featured_media":0,"parent":0,"menu_order":0,"comment_status":"closed","ping_status":"closed","template":"elementor_header_footer","meta":{"footnotes":""},"class_list":["post-100","page","type-page","status-publish","hentry"],"_links":{"self":[{"href":"https:\/\/www.mapa.bratislavaregion.travel\/vianocne-trhy\/index.php\/wp-json\/wp\/v2\/pages\/100","targetHints":{"allow":["GET"]}}],"collection":[{"href":"https:\/\/www.mapa.bratislavaregion.travel\/vianocne-trhy\/index.php\/wp-json\/wp\/v2\/pages"}],"about":[{"href":"https:\/\/www.mapa.bratislavaregion.travel\/vianocne-trhy\/index.php\/wp-json\/wp\/v2\/types\/page"}],"author":[{"embeddable":true,"href":"https:\/\/www.mapa.bratislavaregion.travel\/vianocne-trhy\/index.php\/wp-json\/wp\/v2\/users\/1"}],"replies":[{"embeddable":true,"href":"https:\/\/www.mapa.bratislavaregion.travel\/vianocne-trhy\/index.php\/wp-json\/wp\/v2\/comments?post=100"}],"version-history":[{"count":27,"href":"https:\/\/www.mapa.bratislavaregion.travel\/vianocne-trhy\/index.php\/wp-json\/wp\/v2\/pages\/100\/revisions"}],"predecessor-version":[{"id":566,"href":"https:\/\/www.mapa.bratislavaregion.travel\/vianocne-trhy\/index.php\/wp-json\/wp\/v2\/pages\/100\/revisions\/566"}],"wp:attachment":[{"href":"https:\/\/www.mapa.bratislavaregion.travel\/vianocne-trhy\/index.php\/wp-json\/wp\/v2\/media?parent=100"}],"curies":[{"name":"wp","href":"https:\/\/api.w.org\/{rel}","templated":true}]}}