{"id":161,"date":"2022-12-07T15:13:01","date_gmt":"2022-12-07T15:13:01","guid":{"rendered":"https:\/\/www.mapa.bratislavaregion.travel\/vianocne-trhy\/?page_id=161"},"modified":"2023-12-12T19:51:17","modified_gmt":"2023-12-12T19:51:17","slug":"schlosshoff","status":"publish","type":"page","link":"https:\/\/www.mapa.bratislavaregion.travel\/vianocne-trhy\/index.php\/schlosshoff\/","title":{"rendered":"Schloss Hoff"},"content":{"rendered":"\t\t<div data-elementor-type=\"wp-page\" data-elementor-id=\"161\" class=\"elementor elementor-161\">\n\t\t\t\t\t\t\t\t\t<section class=\"elementor-section elementor-top-section elementor-element elementor-element-409f6343 elementor-section-boxed elementor-section-height-default elementor-section-height-default\" data-id=\"409f6343\" data-element_type=\"section\">\n\t\t\t\t\t\t<div class=\"elementor-container elementor-column-gap-default\">\n\t\t\t\t\t<div class=\"elementor-column elementor-col-100 elementor-top-column elementor-element elementor-element-48d853ba\" data-id=\"48d853ba\" data-element_type=\"column\">\n\t\t\t<div class=\"elementor-widget-wrap elementor-element-populated\">\n\t\t\t\t\t\t\t\t<div class=\"elementor-element elementor-element-2e758080 elementor-widget elementor-widget-spacer\" data-id=\"2e758080\" data-element_type=\"widget\" data-widget_type=\"spacer.default\">\n\t\t\t\t<div class=\"elementor-widget-container\">\n\t\t\t<style>\/*! elementor - v3.8.1 - 13-11-2022 *\/\n.elementor-column .elementor-spacer-inner{height:var(--spacer-size)}.e-con{--container-widget-width:100%}.e-con-inner>.elementor-widget-spacer,.e-con>.elementor-widget-spacer{width:var(--container-widget-width,var(--spacer-size));-ms-flex-item-align:stretch;align-self:stretch;-ms-flex-negative:0;flex-shrink:0}.e-con-inner>.elementor-widget-spacer>.elementor-widget-container,.e-con-inner>.elementor-widget-spacer>.elementor-widget-container>.elementor-spacer,.e-con>.elementor-widget-spacer>.elementor-widget-container,.e-con>.elementor-widget-spacer>.elementor-widget-container>.elementor-spacer{height:100%}.e-con-inner>.elementor-widget-spacer>.elementor-widget-container>.elementor-spacer>.elementor-spacer-inner,.e-con>.elementor-widget-spacer>.elementor-widget-container>.elementor-spacer>.elementor-spacer-inner{height:var(--container-widget-height,var(--spacer-size))}<\/style>\t\t<div class=\"elementor-spacer\">\n\t\t\t<div class=\"elementor-spacer-inner\"><\/div>\n\t\t<\/div>\n\t\t\t\t<\/div>\n\t\t\t\t<\/div>\n\t\t\t\t<div class=\"elementor-element elementor-element-bec6aea elementor-widget elementor-widget-heading\" data-id=\"bec6aea\" data-element_type=\"widget\" data-widget_type=\"heading.default\">\n\t\t\t\t<div class=\"elementor-widget-container\">\n\t\t\t<style>\/*! elementor - v3.8.1 - 13-11-2022 *\/\n.elementor-heading-title{padding:0;margin:0;line-height:1}.elementor-widget-heading .elementor-heading-title[class*=elementor-size-]>a{color:inherit;font-size:inherit;line-height:inherit}.elementor-widget-heading .elementor-heading-title.elementor-size-small{font-size:15px}.elementor-widget-heading .elementor-heading-title.elementor-size-medium{font-size:19px}.elementor-widget-heading .elementor-heading-title.elementor-size-large{font-size:29px}.elementor-widget-heading .elementor-heading-title.elementor-size-xl{font-size:39px}.elementor-widget-heading .elementor-heading-title.elementor-size-xxl{font-size:59px}<\/style><h1 class=\"elementor-heading-title elementor-size-default\">Schloss Hoff<\/h1>\t\t<\/div>\n\t\t\t\t<\/div>\n\t\t\t\t<div class=\"elementor-element elementor-element-4b31bc68 elementor-widget elementor-widget-text-editor\" data-id=\"4b31bc68\" data-element_type=\"widget\" data-widget_type=\"text-editor.default\">\n\t\t\t\t<div class=\"elementor-widget-container\">\n\t\t\t<style>\/*! elementor - v3.8.1 - 13-11-2022 *\/\n.elementor-widget-text-editor.elementor-drop-cap-view-stacked .elementor-drop-cap{background-color:#818a91;color:#fff}.elementor-widget-text-editor.elementor-drop-cap-view-framed .elementor-drop-cap{color:#818a91;border:3px solid;background-color:transparent}.elementor-widget-text-editor:not(.elementor-drop-cap-view-default) .elementor-drop-cap{margin-top:8px}.elementor-widget-text-editor:not(.elementor-drop-cap-view-default) .elementor-drop-cap-letter{width:1em;height:1em}.elementor-widget-text-editor .elementor-drop-cap{float:left;text-align:center;line-height:1;font-size:50px}.elementor-widget-text-editor .elementor-drop-cap-letter{display:inline-block}<\/style>\t\t\t\t<a href=\"https:\/\/www.mapa.bratislavaregion.travel\/vianocne-trhy\/index.php\/cezhranicie\/\">V cezhrani\u010dnom regi\u00f3ne<\/a>\t\t\t\t\t\t<\/div>\n\t\t\t\t<\/div>\n\t\t\t\t<div class=\"elementor-element elementor-element-f0e3c44 elementor-widget elementor-widget-text-editor\" data-id=\"f0e3c44\" data-element_type=\"widget\" data-widget_type=\"text-editor.default\">\n\t\t\t\t<div class=\"elementor-widget-container\">\n\t\t\t\t\t\t\t<p><b>18.11.2023 &#8211; 17.12.2023<\/b><\/p><p><b style=\"color: var( --e-global-color-text ); font-family: var( --e-global-typography-text-font-family ), Sans-serif; font-size: 1rem;\">v\u017edy sobota a nede\u013ea<\/b><\/p>\t\t\t\t\t\t<\/div>\n\t\t\t\t<\/div>\n\t\t\t\t<div class=\"elementor-element elementor-element-55d23ccd elementor-widget elementor-widget-text-editor\" data-id=\"55d23ccd\" data-element_type=\"widget\" data-widget_type=\"text-editor.default\">\n\t\t\t\t<div class=\"elementor-widget-container\">\n\t\t\t\t\t\t\t<p>V\u00fdnimo\u010dn\u00e9 miesto s v\u00fdnimo\u010dn\u00fdm pr\u00edbehom. Tak\u00fd je Schloss Hof &#8211; jedno z najromantickej\u0161\u00edch panstiev cel\u00e9ho regi\u00f3nu, ktor\u00e9 celoro\u010dne l\u00e1ka aj p\u00f4sobiv\u00fdmi barokov\u00fdmi z\u00e1hradami. V predviano\u010dnom obdob\u00ed tu m\u00f4\u017eete za\u017ei\u0165 s rodinou \u010di priate\u013emi k\u00fazeln\u00fd v\u00edkend. N\u00e1mest\u00ed\u010dka a n\u00e1dvorie zavo\u0148aj\u00fa \u0161koricou, klin\u010dekmi, pern\u00edkov\u00fdm koren\u00edm, badi\u00e1nom, remeseln\u00edci predved\u00fa svoje umenie, z koloto\u010da a detskej \u017eeleznice bude znie\u0165 smiech det\u00ed. Obdivova\u0165 budete m\u00f4c\u0165 obrovsk\u00fd adventn\u00fd veniec a v \u017eivom betleheme zasa pozorova\u0165 ten najsl\u00e1vnej\u0161\u00ed zo v\u0161etk\u00fdch viano\u010dn\u00fdch pr\u00edbehov. V z\u00e1mku, ktor\u00fd kedysi darovala cis\u00e1rovn\u00e1 M\u00e1ria Ter\u00e9zia svojmu man\u017eelovi uvid\u00edte viano\u010dn\u00fa v\u00fdstavu.<\/p>\t\t\t\t\t\t<\/div>\n\t\t\t\t<\/div>\n\t\t\t\t\t<\/div>\n\t\t<\/div>\n\t\t\t\t\t\t\t<\/div>\n\t\t<\/section>\n\t\t\t\t<section class=\"elementor-section elementor-top-section elementor-element elementor-element-5da3e3a2 elementor-section-full_width elementor-section-height-default elementor-section-height-default\" data-id=\"5da3e3a2\" data-element_type=\"section\">\n\t\t\t\t\t\t<div class=\"elementor-container elementor-column-gap-no\">\n\t\t\t\t\t<div class=\"elementor-column elementor-col-100 elementor-top-column elementor-element elementor-element-45d71d18\" data-id=\"45d71d18\" data-element_type=\"column\">\n\t\t\t<div class=\"elementor-widget-wrap elementor-element-populated\">\n\t\t\t\t\t\t\t\t<div class=\"elementor-element elementor-element-72fe8532 animated-slow elementor-invisible elementor-widget elementor-widget-image\" data-id=\"72fe8532\" data-element_type=\"widget\" data-settings=\"{&quot;motion_fx_motion_fx_scrolling&quot;:&quot;yes&quot;,&quot;motion_fx_translateY_effect&quot;:&quot;yes&quot;,&quot;motion_fx_translateY_affectedRange&quot;:{&quot;unit&quot;:&quot;%&quot;,&quot;size&quot;:&quot;&quot;,&quot;sizes&quot;:{&quot;start&quot;:0,&quot;end&quot;:49}},&quot;_animation&quot;:&quot;fadeIn&quot;,&quot;motion_fx_translateY_speed&quot;:{&quot;unit&quot;:&quot;px&quot;,&quot;size&quot;:4,&quot;sizes&quot;:[]},&quot;motion_fx_devices&quot;:[&quot;desktop&quot;,&quot;tablet&quot;,&quot;mobile&quot;]}\" data-widget_type=\"image.default\">\n\t\t\t\t<div class=\"elementor-widget-container\">\n\t\t\t<style>\/*! elementor - v3.8.1 - 13-11-2022 *\/\n.elementor-widget-image{text-align:center}.elementor-widget-image a{display:inline-block}.elementor-widget-image a img[src$=\".svg\"]{width:48px}.elementor-widget-image img{vertical-align:middle;display:inline-block}<\/style>\t\t\t\t\t\t\t\t\t<figure class=\"wp-caption\">\n\t\t\t\t\t\t\t\t\t\t<img loading=\"lazy\" decoding=\"async\" width=\"1000\" height=\"750\" src=\"https:\/\/www.mapa.bratislavaregion.travel\/vianocne-trhy\/wp-content\/uploads\/2022\/12\/21_Weihnachtsmarkt-Schloss.jpg\" class=\"attachment-full size-full\" alt=\"\" srcset=\"https:\/\/www.mapa.bratislavaregion.travel\/vianocne-trhy\/wp-content\/uploads\/2022\/12\/21_Weihnachtsmarkt-Schloss.jpg 1000w, https:\/\/www.mapa.bratislavaregion.travel\/vianocne-trhy\/wp-content\/uploads\/2022\/12\/21_Weihnachtsmarkt-Schloss-300x225.jpg 300w, https:\/\/www.mapa.bratislavaregion.travel\/vianocne-trhy\/wp-content\/uploads\/2022\/12\/21_Weihnachtsmarkt-Schloss-768x576.jpg 768w\" sizes=\"auto, (max-width: 1000px) 100vw, 1000px\" \/>\t\t\t\t\t\t\t\t\t\t\t<figcaption class=\"widget-image-caption wp-caption-text\"><\/figcaption>\n\t\t\t\t\t\t\t\t\t\t<\/figure>\n\t\t\t\t\t\t\t\t\t<\/div>\n\t\t\t\t<\/div>\n\t\t\t\t\t<\/div>\n\t\t<\/div>\n\t\t\t\t\t\t\t<\/div>\n\t\t<\/section>\n\t\t\t\t<section class=\"elementor-section elementor-top-section elementor-element elementor-element-488b6124 elementor-section-boxed elementor-section-height-default elementor-section-height-default\" data-id=\"488b6124\" data-element_type=\"section\">\n\t\t\t\t\t\t<div class=\"elementor-container elementor-column-gap-default\">\n\t\t\t\t\t<div class=\"elementor-column elementor-col-100 elementor-top-column elementor-element elementor-element-12f94110\" data-id=\"12f94110\" data-element_type=\"column\">\n\t\t\t<div class=\"elementor-widget-wrap elementor-element-populated\">\n\t\t\t\t\t\t\t\t<div class=\"elementor-element elementor-element-4f75384e elementor-widget elementor-widget-spacer\" data-id=\"4f75384e\" data-element_type=\"widget\" data-widget_type=\"spacer.default\">\n\t\t\t\t<div class=\"elementor-widget-container\">\n\t\t\t\t\t<div class=\"elementor-spacer\">\n\t\t\t<div class=\"elementor-spacer-inner\"><\/div>\n\t\t<\/div>\n\t\t\t\t<\/div>\n\t\t\t\t<\/div>\n\t\t\t\t<div class=\"elementor-element elementor-element-7ab8489c elementor-widget elementor-widget-heading\" data-id=\"7ab8489c\" data-element_type=\"widget\" data-widget_type=\"heading.default\">\n\t\t\t\t<div class=\"elementor-widget-container\">\n\t\t\t<h2 class=\"elementor-heading-title elementor-size-default\">Mapov\u00fd sprievodca\n<\/h2>\t\t<\/div>\n\t\t\t\t<\/div>\n\t\t\t\t<div class=\"elementor-element elementor-element-666c97e9 elementor-widget elementor-widget-spacer\" data-id=\"666c97e9\" data-element_type=\"widget\" data-widget_type=\"spacer.default\">\n\t\t\t\t<div class=\"elementor-widget-container\">\n\t\t\t\t\t<div class=\"elementor-spacer\">\n\t\t\t<div class=\"elementor-spacer-inner\"><\/div>\n\t\t<\/div>\n\t\t\t\t<\/div>\n\t\t\t\t<\/div>\n\t\t\t\t\t<\/div>\n\t\t<\/div>\n\t\t\t\t\t\t\t<\/div>\n\t\t<\/section>\n\t\t\t\t<section class=\"elementor-section elementor-top-section elementor-element elementor-element-1089d32f elementor-section-full_width elementor-section-height-default elementor-section-height-default\" data-id=\"1089d32f\" data-element_type=\"section\">\n\t\t\t\t\t\t<div class=\"elementor-container elementor-column-gap-no\">\n\t\t\t\t\t<div class=\"elementor-column elementor-col-100 elementor-top-column elementor-element elementor-element-41f9280d\" data-id=\"41f9280d\" data-element_type=\"column\">\n\t\t\t<div class=\"elementor-widget-wrap elementor-element-populated\">\n\t\t\t\t\t\t\t\t<div class=\"elementor-element elementor-element-3ba5ddb8 elementor-widget elementor-widget-shortcode\" data-id=\"3ba5ddb8\" data-element_type=\"widget\" data-widget_type=\"shortcode.default\">\n\t\t\t\t<div class=\"elementor-widget-container\">\n\t\t\t\t\t<div class=\"elementor-shortcode\"><iframe loading=\"lazy\" src=\"https:\/\/domcentrope.maps.arcgis.com\/apps\/instant\/basic\/index.html?appid=6a5ee90968f248f3a518fd3d96a8211b\" width=\"400\" height=\"600\" frameborder=\"0\" style=\"border:0\" allowfullscreen>iFrames are not supported on this page.<\/iframe><\/div>\n\t\t\t\t<\/div>\n\t\t\t\t<\/div>\n\t\t\t\t\t<\/div>\n\t\t<\/div>\n\t\t\t\t\t\t\t<\/div>\n\t\t<\/section>\n\t\t\t\t\t\t\t<\/div>\n\t\t","protected":false},"excerpt":{"rendered":"<p>Schloss Hoff V cezhrani\u010dnom regi\u00f3ne 18.11.2023 &#8211; 17.12.2023 v\u017edy sobota a nede\u013ea V\u00fdnimo\u010dn\u00e9 miesto s v\u00fdnimo\u010dn\u00fdm pr\u00edbehom. Tak\u00fd je Schloss Hof &#8211; jedno z najromantickej\u0161\u00edch panstiev cel\u00e9ho regi\u00f3nu, ktor\u00e9 celoro\u010dne l\u00e1ka aj p\u00f4sobiv\u00fdmi barokov\u00fdmi z\u00e1hradami. V predviano\u010dnom obdob\u00ed tu m\u00f4\u017eete za\u017ei\u0165 s rodinou \u010di priate\u013emi k\u00fazeln\u00fd v\u00edkend. N\u00e1mest\u00ed\u010dka a n\u00e1dvorie zavo\u0148aj\u00fa \u0161koricou, klin\u010dekmi, pern\u00edkov\u00fdm koren\u00edm, [&hellip;]<\/p>\n","protected":false},"author":1,"featured_media":350,"parent":0,"menu_order":0,"comment_status":"closed","ping_status":"closed","template":"elementor_header_footer","meta":{"footnotes":""},"class_list":["post-161","page","type-page","status-publish","has-post-thumbnail","hentry"],"_links":{"self":[{"href":"https:\/\/www.mapa.bratislavaregion.travel\/vianocne-trhy\/index.php\/wp-json\/wp\/v2\/pages\/161","targetHints":{"allow":["GET"]}}],"collection":[{"href":"https:\/\/www.mapa.bratislavaregion.travel\/vianocne-trhy\/index.php\/wp-json\/wp\/v2\/pages"}],"about":[{"href":"https:\/\/www.mapa.bratislavaregion.travel\/vianocne-trhy\/index.php\/wp-json\/wp\/v2\/types\/page"}],"author":[{"embeddable":true,"href":"https:\/\/www.mapa.bratislavaregion.travel\/vianocne-trhy\/index.php\/wp-json\/wp\/v2\/users\/1"}],"replies":[{"embeddable":true,"href":"https:\/\/www.mapa.bratislavaregion.travel\/vianocne-trhy\/index.php\/wp-json\/wp\/v2\/comments?post=161"}],"version-history":[{"count":20,"href":"https:\/\/www.mapa.bratislavaregion.travel\/vianocne-trhy\/index.php\/wp-json\/wp\/v2\/pages\/161\/revisions"}],"predecessor-version":[{"id":617,"href":"https:\/\/www.mapa.bratislavaregion.travel\/vianocne-trhy\/index.php\/wp-json\/wp\/v2\/pages\/161\/revisions\/617"}],"wp:featuredmedia":[{"embeddable":true,"href":"https:\/\/www.mapa.bratislavaregion.travel\/vianocne-trhy\/index.php\/wp-json\/wp\/v2\/media\/350"}],"wp:attachment":[{"href":"https:\/\/www.mapa.bratislavaregion.travel\/vianocne-trhy\/index.php\/wp-json\/wp\/v2\/media?parent=161"}],"curies":[{"name":"wp","href":"https:\/\/api.w.org\/{rel}","templated":true}]}}